{"id":2998,"date":"2021-02-08T08:21:57","date_gmt":"2021-02-08T08:21:57","guid":{"rendered":"https:\/\/www.thervacb.eu\/socio-tum-med\/"},"modified":"2025-06-16T10:47:40","modified_gmt":"2025-06-16T09:47:40","slug":"socio-tum-med","status":"publish","type":"page","link":"https:\/\/www.thervacb.eu\/es\/equipo\/socio-tum-med\/","title":{"rendered":"Socio TUM-Med"},"content":{"rendered":"<p>[et_pb_section fb_built=\u00bb1&#8243; fullwidth=\u00bbon\u00bb admin_label=\u00bbMap\u00bb _builder_version=\u00bb4.9.0&#8243; da_disable_devices=\u00bboff|off|off\u00bb global_module=\u00bb539&#8243; saved_tabs=\u00bball\u00bb global_colors_info=\u00bb{}\u00bb da_is_popup=\u00bboff\u00bb da_exit_intent=\u00bboff\u00bb da_has_close=\u00bbon\u00bb da_alt_close=\u00bboff\u00bb da_dark_close=\u00bboff\u00bb da_not_modal=\u00bbon\u00bb da_is_singular=\u00bboff\u00bb da_with_loader=\u00bboff\u00bb da_has_shadow=\u00bbon\u00bb][et_pb_map_fullwidth_extended address=\u00bbParis, France\u00bb zoom_level=\u00bb2&#8243; address_lat=\u00bb43.762201679538&#8243; address_lng=\u00bb5.1647219&#8243; mobile_dragging=\u00bboff\u00bb map_type_control_position=\u00bbLEFT_CENTER\u00bb streetview_control_position=\u00bbLEFT_BOTTOM\u00bb info_window_width=\u00bb300px\u00bb map_type=\u00bb2&#8243; _builder_version=\u00bb4.11.3&#8243; title_text_color=\u00bb#1c9080&#8243; title_font_size=\u00bb24px\u00bb content_text_color=\u00bb#666666&#8243; content_font_size=\u00bb18px\u00bb global_colors_info=\u00bb{}\u00bb][et_pb_map_pin_extended title=\u00bbLMU\u00bb pin_address=\u00bbGESCHWISTER SCHOLL PLATZ 1, 80539 M\u00fcnchen,\u00bb pin_address_lat=\u00bb48.1540685&#8243; pin_address_lng=\u00bb11.5823284&#8243; pin_fill_color=\u00bb#2d788c\u00bb pin_stroke_color=\u00bb#06423a\u00bb pin_circle_color=\u00bb#ffffff\u00bb _builder_version=\u00bb4.9.0&#8243; global_colors_info=\u00bb{}\u00bb]<\/p>\n<p><a title=\"LMU\" href=\"https:\/\/www.thervacb.eu\/zh-hans\/%e7%90%83%e9%98%9f\/%e4%bc%99%e4%bc%b4lmu\/\"><img loading=\"lazy\" decoding=\"async\" class=\"wp-image-763 size-full\" src=\"https:\/\/www.thervacb.eu\/wp-content\/uploads\/lmu-logo.png\" alt=\"LMU\" width=\"204\" height=\"57\"><\/a><\/p>\n<p>[\/et_pb_map_pin_extended][et_pb_map_pin_extended title=\u00bbCTC North\u00bb pin_address=\u00bbMartinistra\u00dfe 64, 20251 Hamburg, Deutschland\u00bb pin_address_lat=\u00bb53.5898297&#8243; pin_address_lng=\u00bb9.9736084&#8243; pin_fill_color=\u00bb#2d788c\u00bb pin_stroke_color=\u00bb#06423a\u00bb pin_circle_color=\u00bb#ffffff\u00bb _builder_version=\u00bb4.11.3&#8243; global_colors_info=\u00bb{}\u00bb]<\/p>\n<p><a href=\"https:\/\/www.thervacb.eu\/zh-hans\/%e7%90%83%e9%98%9f\/\" title=\"CTC North\"><img loading=\"lazy\" decoding=\"async\" src=\"https:\/\/www.thervacb.eu\/wp-content\/uploads\/ctc-north-an-agenus-company-400x103.png\" width=\"200\" height=\"52\" alt=\"CTC North\"  title=\"CTC North\" class=\"wp-image-9683 size-medium\" srcset=\"https:\/\/www.thervacb.eu\/wp-content\/uploads\/ctc-north-an-agenus-company-400x105.png 400w, https:\/\/www.thervacb.eu\/wp-content\/uploads\/ctc-north-an-agenus-company.png 406w\" sizes=\"auto, (max-width: 200px) 100vw, 200px\" \/><\/a><\/p>\n<p>[\/et_pb_map_pin_extended][et_pb_map_pin_extended title=\u00bb\u751f\u7269\u533b\u5b66\u57fa\u91d1\u4f1a\u00bb pin_address=\u00bbCarrer del Rossell\u00f3, 149, 08036 Barcelona, Spanien\u00bb pin_address_lat=\u00bb41.3885899&#8243; pin_address_lng=\u00bb2.1508862&#8243; pin_fill_color=\u00bb#2d788c\u00bb pin_stroke_color=\u00bb#06423a\u00bb pin_circle_color=\u00bb#ffffff\u00bb _builder_version=\u00bb4.4.2&#8243; global_colors_info=\u00bb{}\u00bb]<\/p>\n<p><a href=\"https:\/\/www.thervacb.eu\/zh-hans\/%e7%90%83%e9%98%9f\/%e5%90%88%e4%bd%9c%e4%bc%99%e4%bc%b4fcrb\/\" title=\"\u5df4\u585e\u7f57\u90a3\u8bca\u6240\"><img loading=\"lazy\" decoding=\"async\" src=\"https:\/\/www.thervacb.eu\/wp-content\/uploads\/clinic-barcelona-logo.png\" alt=\"\u5df4\u585e\u7f57\u90a3\u8bca\u6240\" class=\"wp-image-758 size-full\" width=\"200\" height=\"126\"><\/a><\/p>\n<p>[\/et_pb_map_pin_extended][et_pb_map_pin_extended title=\u00bb\u4ea5\u59c6\u970d\u5179Zentrum\u6155\u5c3c\u9ed1\u00bb pin_address=\u00bbIngolst\u00e4dter Landstra\u00dfe 1, 85764 Oberschlei\u00dfheim, Deutschland\u00bb pin_address_lat=\u00bb48.2208172&#8243; pin_address_lng=\u00bb11.5871674&#8243; pin_fill_color=\u00bb#2d788c\u00bb pin_stroke_color=\u00bb#06423a\u00bb pin_circle_color=\u00bb#ffffff\u00bb _builder_version=\u00bb4.4.1&#8243; global_colors_info=\u00bb{}\u00bb]<\/p>\n<p><a href=\"https:\/\/www.thervacb.eu\/zh-hans\/%e7%90%83%e9%98%9f\/hmgu%e5%90%88%e4%bc%99%e4%ba%ba\/\" title=\"\u4ea5\u59c6\u970d\u5179Zentrum\u6155\u5c3c\u9ed1\"><img loading=\"lazy\" decoding=\"async\" src=\"https:\/\/www.thervacb.eu\/wp-content\/uploads\/helmholzzentrum-logo.png\" alt=\"\u4ea5\u59c6\u970d\u5179Zentrum\u6155\u5c3c\u9ed1\" class=\"wp-image-760 size-full\" width=\"236\" height=\"50\"><\/a><\/p>\n<p>[\/et_pb_map_pin_extended][et_pb_map_pin_extended title=\u00bbHelmholtz Zentrumf\u00fcrInfektionsforschung GmbH\u00bb pin_address=\u00bbInhoffenstra\u00dfe 7, 38124 Braunschweig, Deutschland\u00bb pin_address_lat=\u00bb52.2109803&#8243; pin_address_lng=\u00bb10.5314925&#8243; pin_fill_color=\u00bb#2d788c\u00bb pin_stroke_color=\u00bb#06423a\u00bb pin_circle_color=\u00bb#ffffff\u00bb _builder_version=\u00bb4.4.2&#8243; global_colors_info=\u00bb{}\u00bb]<a href=\"https:\/\/www.thervacb.eu\/zh-hans\/%e7%90%83%e9%98%9f\/%e5%90%88%e4%bc%99%e4%ba%ba\/\" title=\"Helmholtz-Zentrumf\u00fcrInfektionsforschung GmbH\uff08HZI\uff09\"><img loading=\"lazy\" decoding=\"async\" src=\"https:\/\/www.thervacb.eu\/wp-content\/uploads\/hzi-logo-400x133.png\" alt=\"\" class=\"wp-image-525 alignleft size-medium\" width=\"200\" height=\"66\" srcset=\"https:\/\/www.thervacb.eu\/wp-content\/uploads\/hzi-logo-400x133.png 400w, https:\/\/www.thervacb.eu\/wp-content\/uploads\/hzi-logo.png 406w\" sizes=\"auto, (max-width: 200px) 100vw, 200px\" \/><\/a>[\/et_pb_map_pin_extended][et_pb_map_pin_extended title=\u00bbMedizinische Hochschule Hannover\u00bb pin_address=\u00bbCarl-Neuberg-Stra\u00dfe 1, 30625 Hannover, Deutschland\u00bb pin_address_lat=\u00bb52.3834749&#8243; pin_address_lng=\u00bb9.8047999&#8243; pin_fill_color=\u00bb#2d788c\u00bb pin_stroke_color=\u00bb#06423a\u00bb pin_circle_color=\u00bb#ffffff\u00bb _builder_version=\u00bb4.4.1&#8243; global_colors_info=\u00bb{}\u00bb]<\/p>\n<p><a href=\"https:\/\/www.thervacb.eu\/zh-hans\/%e7%90%83%e9%98%9f\/mhh%e5%90%88%e4%bd%9c%e4%bc%99%e4%bc%b4\/\" title=\"Medizinische Hochschule Hannover\"><img loading=\"lazy\" decoding=\"async\" src=\"https:\/\/www.thervacb.eu\/wp-content\/uploads\/mhh-logo.png\" alt=\"MHH\" class=\"wp-image-765 size-full\" width=\"220\" height=\"38\"><\/a><\/p>\n<p>[\/et_pb_map_pin_extended][et_pb_map_pin_extended title=\u00bb NIMR-\u59c6\u8d1d\u4e9a\u533b\u5b66\u7814\u7a76\u4e2d\u5fc3\u00bb pin_address=\u00bbHospital Hill Rd, Mbeya, Tansania\u00bb pin_address_lat=\u00bb-8.8892372&#8243; pin_address_lng=\u00bb33.4397813&#8243; pin_fill_color=\u00bb#2d788c\u00bb pin_stroke_color=\u00bb#06423a\u00bb pin_circle_color=\u00bb#ffffff\u00bb _builder_version=\u00bb4.4.1&#8243; global_colors_info=\u00bb{}\u00bb]<\/p>\n<p><a href=\"https:\/\/www.thervacb.eu\/zh-hans\/%e7%90%83%e9%98%9f\/nimr%e5%90%88%e4%bd%9c%e4%bc%99%e4%bc%b4\/\" title=\" NIMR-\u59c6\u8d1d\u4e9a\u533b\u5b66\u7814\u7a76\u4e2d\u5fc3\"><img loading=\"lazy\" decoding=\"async\" src=\"https:\/\/www.thervacb.eu\/wp-content\/uploads\/nimr-mmrc-logo-g.png\" alt=\"\u56fd\u7acb\u533b\u5b66\u7814\u7a76\u6240\" class=\"wp-image-600 size-full\" width=\"200\" height=\"200\" srcset=\"https:\/\/www.thervacb.eu\/wp-content\/uploads\/nimr-mmrc-logo-g.png 200w, https:\/\/www.thervacb.eu\/wp-content\/uploads\/nimr-mmrc-logo-g-150x150.png 150w\" sizes=\"auto, (max-width: 200px) 100vw, 200px\" \/><\/a><\/p>\n<p>[\/et_pb_map_pin_extended][et_pb_map_pin_extended title=\u00bbTechnische Universit\u00e4t M\u00fcnchen\u00bb pin_address=\u00bbArcisstra\u00dfe 21, 80333 M\u00fcnchen, Deutschland\u00bb pin_address_lat=\u00bb48.1486686&#8243; pin_address_lng=\u00bb11.5685941&#8243; pin_fill_color=\u00bb#2d788c\u00bb pin_stroke_color=\u00bb#06423a\u00bb pin_circle_color=\u00bb#ffffff\u00bb _builder_version=\u00bb4.4.1&#8243; global_colors_info=\u00bb{}\u00bb]<\/p>\n<p><a href=\"https:\/\/www.thervacb.eu\/zh-hans\/%e7%90%83%e9%98%9f\/%e5%90%88%e4%bc%99%e4%ba%ba-2\/\" title=\"Technische Universit\u00e4t M\u00fcnchen\"><img loading=\"lazy\" decoding=\"async\" src=\"https:\/\/www.thervacb.eu\/wp-content\/uploads\/tum-logo.png\" alt=\"\u6c64\u59c6\" class=\"wp-image-768 size-full\" width=\"200\" height=\"67\"><\/a> <\/p>\n<p>[\/et_pb_map_pin_extended][et_pb_map_pin_extended title=\u00bb\u4f26\u6566\u5927\u5b66\u5b66\u9662\u00bb pin_address=\u00bbGOWER STREET, WC1E 6BT London\u00bb pin_address_lat=\u00bb51.5233687&#8243; pin_address_lng=\u00bb-0.135766&#8243; pin_fill_color=\u00bb#2d788c\u00bb pin_stroke_color=\u00bb#06423a\u00bb pin_circle_color=\u00bb#ffffff\u00bb _builder_version=\u00bb4.4.3&#8243; global_colors_info=\u00bb{}\u00bb]<\/p>\n<p><a href=\"https:\/\/www.thervacb.eu\/zh-hans\/%e7%90%83%e9%98%9f\/%e5%90%88%e4%bd%9c%e4%bc%99%e4%bc%b4ucl\/\" title=\"\u4f26\u6566\u5927\u5b66\u5b66\u9662\"><img loading=\"lazy\" decoding=\"async\" src=\"https:\/\/www.thervacb.eu\/wp-content\/uploads\/ucl-logo.png\" alt=\"UCL\" class=\"wp-image-770 size-full\" width=\"200\" height=\"59\"><\/a><\/p>\n<p>[\/et_pb_map_pin_extended][et_pb_map_pin_extended title=\u00bbARTTIC SAS\u00bb pin_address=\u00bb58a Rue du Dessous des Berges, 75013 Paris, Frankreich\u00bb pin_address_lat=\u00bb48.827405&#8243; pin_address_lng=\u00bb2.3743052&#8243; pin_fill_color=\u00bb#2d788c\u00bb pin_stroke_color=\u00bb#06423a\u00bb pin_circle_color=\u00bb#ffffff\u00bb _builder_version=\u00bb4.4.1&#8243; global_colors_info=\u00bb{}\u00bb]<\/p>\n<p><a href=\"https:\/\/www.thervacb.eu\/zh-hans\/%e7%90%83%e9%98%9f\/arttic\/\" title=\"ARTTIC\"><img loading=\"lazy\" decoding=\"async\" src=\"https:\/\/www.thervacb.eu\/wp-content\/uploads\/arttic-logo-400x200.png\" alt=\"\" class=\"wp-image-524 alignleft size-medium\" width=\"200\" height=\"100\" srcset=\"https:\/\/www.thervacb.eu\/wp-content\/uploads\/arttic-logo-400x200.png 400w, https:\/\/www.thervacb.eu\/wp-content\/uploads\/arttic-logo.png 406w\" sizes=\"auto, (max-width: 200px) 100vw, 200px\" \/><\/a><\/p>\n<p>[\/et_pb_map_pin_extended][et_pb_map_pin_extended title=\u00bb\u6155\u5c3c\u9ed1\u5de5\u4e1a\u5927\u5b66\u4f0a\u5229\u8bfa\u4f0a\u5dde\u7acb\u5927\u5b66\u00bb pin_address=\u00bbH\u00f6rsaal A, Klinikum rechts der Isar, Ismaninger Str. 22, 81675 M\u00fcnchen, Deutschland\u00bb pin_address_lat=\u00bb48.1360041&#8243; pin_address_lng=\u00bb11.5997829&#8243; pin_fill_color=\u00bb#2d788c\u00bb pin_stroke_color=\u00bb#06423a\u00bb pin_circle_color=\u00bb#ffffff\u00bb _builder_version=\u00bb4.4.1&#8243; global_colors_info=\u00bb{}\u00bb]<\/p>\n<p><a href=\"https:\/\/www.thervacb.eu\/zh-hans\/%e7%90%83%e9%98%9f\/%e5%90%88%e4%bc%99%e4%ba%batum-med\/\"><img loading=\"lazy\" decoding=\"async\" src=\"https:\/\/www.thervacb.eu\/wp-content\/uploads\/logo-mri-tum-400x118.png\" alt=\"\" class=\"wp-image-521 aligncenter size-medium\" style=\"float: left\" width=\"200\" height=\"59\" srcset=\"https:\/\/www.thervacb.eu\/wp-content\/uploads\/logo-mri-tum-400x120.png 400w, https:\/\/www.thervacb.eu\/wp-content\/uploads\/logo-mri-tum.png 406w\" sizes=\"auto, (max-width: 200px) 100vw, 200px\" \/><\/a><\/p>\n<p>[\/et_pb_map_pin_extended][et_pb_map_pin_extended title=\u00bb\u6c49\u5821\u57c3\u5f6d\u591a\u592b\u5927\u5b66 \u00bb pin_address=\u00bbMartinistra\u00dfe 52, 20251 Hamburg, Deutschland\u00bb pin_address_lat=\u00bb53.5902421&#8243; pin_address_lng=\u00bb9.9785922&#8243; pin_fill_color=\u00bb#2d788c\u00bb pin_stroke_color=\u00bb#06423a\u00bb pin_circle_color=\u00bb#ffffff\u00bb _builder_version=\u00bb4.4.1&#8243; global_colors_info=\u00bb{}\u00bb]<\/p>\n<p><a href=\"https:\/\/www.thervacb.eu\/zh-hans\/%e7%90%83%e9%98%9f\/%e5%90%88%e4%bc%99%e4%ba%bauke\/\" title=\"\u6c49\u5821\u57c3\u5f6d\u591a\u592b\u5927\u5b66\u533b\u5b66\u4e2d\u5fc3\uff0c\u4e00\u3002\u5185\u79d1\"><img loading=\"lazy\" decoding=\"async\" src=\"https:\/\/www.thervacb.eu\/wp-content\/uploads\/uke-hamburg.png\" alt=\"\u6c49\u5821\u57c3\u5f6d\u591a\u592b\u5927\u5b66\u533b\u5b66\u4e2d\u5fc3\uff0c\u4e00\u3002\u5185\u79d1\" title=\"\u6c49\u5821\u57c3\u5f6d\u591a\u592b\u5927\u5b66\u533b\u5b66\u4e2d\u5fc3\uff0c\u4e00\u3002\u5185\u79d1\" class=\"wp-image-1057 aligncenter size-full\" style=\"float: left\" width=\"195\" height=\"169\"><\/a><\/p>\n<p>[\/et_pb_map_pin_extended][et_pb_map_pin_extended title=\u00bb\u5e15\u5c14\u9a6c\u5927\u5b66\u7814\u7a76\u5927\u5b66\u00bb pin_address=\u00bbStr. dell&#8217;Universit\u00e0, 12, 43121 Parma PR, Italien\u00bb pin_address_lat=\u00bb44.8012357&#8243; pin_address_lng=\u00bb10.3255389&#8243; pin_fill_color=\u00bb#2d788c\u00bb pin_stroke_color=\u00bb#06423a\u00bb pin_circle_color=\u00bb#ffffff\u00bb _builder_version=\u00bb4.4.1&#8243; global_colors_info=\u00bb{}\u00bb]<a href=\"https:\/\/www.thervacb.eu\/team\/partner-aop-new\/\"><img loading=\"lazy\" decoding=\"async\" class=\"wp-image-520 aligncenter size-medium\" src=\"https:\/\/www.thervacb.eu\/wp-content\/uploads\/logo-azienda-ospedaliero-universitaria-di-parma-1-400x82.png\" alt=\"\" width=\"200\" height=\"41\" srcset=\"https:\/\/www.thervacb.eu\/wp-content\/uploads\/logo-azienda-ospedaliero-universitaria-di-parma-1-400x83.png 400w, https:\/\/www.thervacb.eu\/wp-content\/uploads\/logo-azienda-ospedaliero-universitaria-di-parma-1.png 406w\" sizes=\"auto, (max-width: 200px) 100vw, 200px\" \/><\/a>[\/et_pb_map_pin_extended][et_pb_map_pin_extended title=\u00bb\u83b1\u6bd4\u9521\u5927\u5b66\u00bb pin_address=\u00bbRitterstra\u00dfe 26, 04109 Leipzig, Deutschland\u00bb pin_address_lat=\u00bb51.3412809&#8243; pin_address_lng=\u00bb12.3802676&#8243; pin_fill_color=\u00bb#2d788c\u00bb pin_stroke_color=\u00bb#06423a\u00bb pin_circle_color=\u00bb#ffffff\u00bb _builder_version=\u00bb4.3.4&#8243; global_colors_info=\u00bb{}\u00bb][\/et_pb_map_pin_extended][et_pb_map_pin_extended title=\u00bbBarts Health NHS\u4fe1\u6258\u00bb pin_address=\u00bbCo-operative Bank Plc, 9 Prescot St, Whitechapel, London E1 8AZ, Vereinigtes K\u00f6nigreich\u00bb zoom_level=\u00bb5&#8243; pin_address_lat=\u00bb51.5115034&#8243; pin_address_lng=\u00bb-0.0706499&#8243; pin_fill_color=\u00bb#2d788c\u00bb pin_stroke_color=\u00bb#06423a\u00bb pin_circle_color=\u00bb#ffffff\u00bb _builder_version=\u00bb4.9.0&#8243; global_colors_info=\u00bb{}\u00bb][\/et_pb_map_pin_extended][et_pb_map_pin_extended title=\u00bbRoyal Free London NHS Foundation Trust\u00bb pin_address=\u00bbPond St, Hampstead, London NW3 2QG, Vereinigtes K\u00f6nigreich\u00bb pin_address_lat=\u00bb51.5537706&#8243; pin_address_lng=\u00bb-0.1672142&#8243; pin_fill_color=\u00bb#2d788c\u00bb pin_stroke_color=\u00bb#06423a\u00bb pin_circle_color=\u00bb#ffffff\u00bb _builder_version=\u00bb4.3.4&#8243; global_colors_info=\u00bb{}\u00bb][\/et_pb_map_pin_extended][et_pb_map_pin_extended title=\u00bbARTTIC\u521b\u65b0\u6709\u9650\u516c\u53f8\u00bb pin_address=\u00bbOskar-von-Miller-Ring 29, 80333 M\u00fcnchen, Germany\u00bb pin_address_lat=\u00bb48.1459821&#8243; pin_address_lng=\u00bb11.5760781&#8243; pin_fill_color=\u00bb#2d788c\u00bb pin_stroke_color=\u00bb#06423a\u00bb pin_circle_color=\u00bb#ffffff\u00bb _builder_version=\u00bb4.9.0&#8243; global_colors_info=\u00bb{}\u00bb]<\/p>\n<p><a title=\"ARTTIC\u521b\u65b0\u6709\u9650\u516c\u53f8\" href=\"https:\/\/www.thervacb.eu\/zh-hans\/%e7%90%83%e9%98%9f\/arttic%e5%88%9b%e6%96%b0%e6%9c%89%e9%99%90%e5%85%ac%e5%8f%b8\/\"><img loading=\"lazy\" decoding=\"async\" class=\"alignnone wp-image-4300 size-medium\" title=\"ARTTIC\u521b\u65b0\u6709\u9650\u516c\u53f8\" src=\"https:\/\/www.thervacb.eu\/wp-content\/uploads\/arttic-innovation.svg\" alt=\"ARTTIC\u521b\u65b0\u6709\u9650\u516c\u53f8\" width=\"200\" height=\"83\"><\/a><\/p>\n<p>[\/et_pb_map_pin_extended][\/et_pb_map_fullwidth_extended][\/et_pb_section][et_pb_section fb_built=\u00bb1&#8243; _builder_version=\u00bb4.3.1&#8243; da_disable_devices=\u00bboff|off|off\u00bb global_colors_info=\u00bb{}\u00bb da_is_popup=\u00bboff\u00bb da_exit_intent=\u00bboff\u00bb da_has_close=\u00bbon\u00bb da_alt_close=\u00bboff\u00bb da_dark_close=\u00bboff\u00bb da_not_modal=\u00bbon\u00bb da_is_singular=\u00bboff\u00bb da_with_loader=\u00bboff\u00bb da_has_shadow=\u00bbon\u00bb][et_pb_row column_structure=\u00bb3_4,1_4&#8243; _builder_version=\u00bb4.3.2&#8243; global_colors_info=\u00bb{}\u00bb][et_pb_column type=\u00bb3_4&#8243; _builder_version=\u00bb4.3.1&#8243; global_colors_info=\u00bb{}\u00bb][et_pb_text _builder_version=\u00bb4.4.1&#8243; global_colors_info=\u00bb{}\u00bb]<\/p>\n<h1><strong>Klinikum Rechts der Isar der Technischen Universit\u00e4t M\u00fcnchen<br \/> <\/strong><\/h1>\n<h2><\/h2>\n<h2>Informaci\u00f3n general<\/h2>\n<p><em><\/em><\/p>\n<p>Con su equipo altamente cualificado de m\u00e9dicos, enfermeras y cient\u00edficos, el Hospital Universitario rechts der Isar (situado a la derecha del r\u00edo Isar) acoge a pacientes no s\u00f3lo de M\u00fanich, sino de todo el mundo.<\/p>\n<p>La Klinikum rechts der Isar es el hospital universitario de la Universidad T\u00e9cnica de M\u00fanich (TUM) y constituye el marco ideal para ofrecer el mejor nivel de atenci\u00f3n m\u00e9dica universitaria. Estamos excelentemente situados y equipados para ofrecer a los pacientes internacionales una atenci\u00f3n m\u00e9dica de primera calidad, en l\u00ednea con los \u00faltimos est\u00e1ndares cient\u00edficos. La medicina moderna y avanzada dif\u00edcilmente podr\u00eda encontrar un hogar mejor.<\/p>\n<p>Fundado en 1834, el Hospital Universitario rechts der Isar es hoy en d\u00eda sin\u00f3nimo de medicina, investigaci\u00f3n y progreso de vanguardia. Aproximadamente 6.000 personas trabajan en el hospital, ya sea en la prestaci\u00f3n de asistencia m\u00e9dica, la investigaci\u00f3n o la ense\u00f1anza. Cada a\u00f1o, m\u00e1s de 60.000 pacientes se benefician de la atenci\u00f3n hospitalaria, adem\u00e1s de unos 250.000 pacientes que reciben tratamiento ambulatorio. Con unos 30 departamentos, 20 centros interdisciplinarios y 1.161 camas, el hospital ofrece toda la gama de tratamientos m\u00e9dicos modernos. Adem\u00e1s, en numerosos institutos cient\u00edficos se investiga sobre enfermedades y nuevas opciones terap\u00e9uticas.<\/p>\n<p>Dentro de TherVacB, tres institutos\/departamentos del Hospital Universitario Rechts der Isar participan en la ejecuci\u00f3n del proyecto:<\/p>\n<p>&nbsp;<\/p>\n<ul>\n<li><strong>Instituto de <\/strong><strong>Inmunolog\u00eda Molecular y Oncolog\u00eda Experimental<\/strong><\/li>\n<li><strong>Departamento de Medicina Interna II (Hepatolog\u00eda\/Gastroenterolog\u00eda)<\/strong><\/li>\n<li><strong>Instituto de Historia y \u00c9tica de la Medicina (IHEM)<\/strong><\/li>\n<\/ul>\n<p>[\/et_pb_text][\/et_pb_column][et_pb_column type=\u00bb1_4&#8243; _builder_version=\u00bb4.3.2&#8243; background_enable_color=\u00bboff\u00bb use_background_color_gradient=\u00bbon\u00bb background_color_gradient_start=\u00bbrgba(0,0,0,0)\u00bb background_color_gradient_end=\u00bbrgba(92,189,217,0.25)\u00bb background_enable_image=\u00bboff\u00bb background_size=\u00bbinitial\u00bb background_position=\u00bbtop_left\u00bb custom_padding=\u00bb10px|10px|10px|10px|false|false\u00bb border_radii=\u00bbon|10px|10px|10px|10px\u00bb border_width_all=\u00bb2px\u00bb border_color_all=\u00bb#5cbdd9&#8243; global_colors_info=\u00bb{}\u00bb][et_pb_image src=\u00bbhttps:\/\/www.thervacb.eu\/wp-content\/uploads\/logo-mri-tum.png\u00bb alt=\u00bbTUM\u00bb title_text=\u00bbTUM\u00bb _builder_version=\u00bb4.3.4&#8243; global_colors_info=\u00bb{}\u00bb][\/et_pb_image][et_pb_text _builder_version=\u00bb4.3.4&#8243; max_width=\u00bb100%\u00bb module_alignment=\u00bbleft\u00bb global_colors_info=\u00bb{}\u00bb]<\/p>\n<p><strong>Klinikum Rechts der Isar Technische Universit\u00e4t M\u00fcnchen<\/strong><strong><\/strong><\/p>\n<p>Ismaningerstra\u00dfe 22<br \/>  81675 M\u00fanich<br \/> Germany<\/p>\n<p><a href=\"https:\/\/www.mri.tum.de\/\" target=\"_blank\" rel=\"noopener noreferrer\" title=\"Klinikum Rechts der Isar\">www.mri.tum.de<\/a><\/p>\n<p>[\/et_pb_text][\/et_pb_column][\/et_pb_row][et_pb_row _builder_version=\u00bb4.4.1&#8243; global_colors_info=\u00bb{}\u00bb][et_pb_column type=\u00bb4_4&#8243; _builder_version=\u00bb4.4.1&#8243; global_colors_info=\u00bb{}\u00bb][et_pb_text _builder_version=\u00bb4.4.1&#8243; global_colors_info=\u00bb{}\u00bb]<\/p>\n<h1><strong>Instituto de <\/strong><strong>Inmunolog\u00eda Molecular y Oncolog\u00eda Experimental<\/strong><\/h1>\n<p>El Instituto de Inmunolog\u00eda Molecular y Oncolog\u00eda Experimental centra su investigaci\u00f3n en la comprensi\u00f3n de la regulaci\u00f3n de las respuestas inmunitarias en los tejidos, con especial atenci\u00f3n al h\u00edgado. Sus grupos trabajan en modelos precl\u00ednicos de infecci\u00f3n cr\u00f3nica por el VHB, as\u00ed como en el c\u00e1ncer y la met\u00e1stasis del c\u00e1ncer. Impulsado por la b\u00fasqueda del desarrollo de terapias inmunol\u00f3gicas innovadoras para la infecci\u00f3n cr\u00f3nica por el VHB y el c\u00e1ncer de h\u00edgado, el instituto descubre los mecanismos moleculares y celulares que determinan el embotamiento de la inmunidad de las c\u00e9lulas T y NK en el h\u00edgado.<\/p>\n<p>[\/et_pb_text][\/et_pb_column][\/et_pb_row][et_pb_row _builder_version=\u00bb4.3.1&#8243; global_colors_info=\u00bb{}\u00bb][et_pb_column type=\u00bb4_4&#8243; _builder_version=\u00bb4.3.1&#8243; global_colors_info=\u00bb{}\u00bb][et_pb_text _builder_version=\u00bb4.4.1&#8243; global_colors_info=\u00bb{}\u00bb]<\/p>\n<h2>Funci\u00f3n en TherVacB<\/h2>\n<p>El Instituto de Inmunolog\u00eda Molecular ofrece la experiencia necesaria para caracterizar la inmunidad espec\u00edfica del VHB y evaluar la calidad y la cantidad de la inmunidad de las c\u00e9lulas T CD8 espec\u00edficas del VHB. Junto con el Instituto de Virolog\u00eda, determinaremos la funcionalidad de las c\u00e9lulas CD8T espec\u00edficas del VHB para permitir la estratificaci\u00f3n de los pacientes y el seguimiento de la respuesta a la vacunaci\u00f3n.<\/p>\n<p>[\/et_pb_text][\/et_pb_column][\/et_pb_row][et_pb_row _builder_version=\u00bb4.3.1&#8243; custom_padding=\u00bb||0px|||\u00bb global_colors_info=\u00bb{}\u00bb][et_pb_column type=\u00bb4_4&#8243; _builder_version=\u00bb4.3.1&#8243; global_colors_info=\u00bb{}\u00bb][et_pb_text _builder_version=\u00bb4.3.1&#8243; global_colors_info=\u00bb{}\u00bb]<\/p>\n<h2>Personal del proyecto<\/h2>\n<p>&nbsp;<\/p>\n<p>[\/et_pb_text][\/et_pb_column][\/et_pb_row][et_pb_row column_structure=\u00bb1_2,1_2&#8243; make_equal=\u00bbon\u00bb _builder_version=\u00bb4.3.2&#8243; custom_padding=\u00bb0px|||||\u00bb global_colors_info=\u00bb{}\u00bb][et_pb_column type=\u00bb1_2&#8243; _builder_version=\u00bb4.3.1&#8243; global_colors_info=\u00bb{}\u00bb][et_pb_team_member name=\u00bbPercy Knolle\u00bb position=\u00bbC\u00e1tedra de Inmunolog\u00eda Molecular, Instituto de Inmunolog\u00eda Molecular y Oncolog\u00eda Experimental\u00bb image_url=\u00bbhttps:\/\/www.thervacb.eu\/wp-content\/uploads\/TUM-Med-Knolle-Percy.jpg\u00bb _builder_version=\u00bb4.4.3&#8243; header_text_align=\u00bbcenter\u00bb position_text_align=\u00bbcenter\u00bb position_line_height=\u00bb2em\u00bb text_orientation=\u00bbleft\u00bb custom_padding=\u00bb40px|20px|20px|20px|false|false\u00bb border_radii=\u00bbon|10px|10px|10px|10px\u00bb box_shadow_style=\u00bbpreset1&#8243; global_colors_info=\u00bb{}\u00bb transform_styles__hover_enabled=\u00bbon|hover\u00bb transform_scale__hover_enabled=\u00bbon|hover\u00bb transform_translate__hover_enabled=\u00bbon|desktop\u00bb transform_rotate__hover_enabled=\u00bbon|desktop\u00bb transform_skew__hover_enabled=\u00bbon|desktop\u00bb transform_origin__hover_enabled=\u00bbon|desktop\u00bb transform_scale__hover=\u00bb105%|105%\u00bb custom_css_member_image_last_edited=\u00bbon|desktop\u00bb]<\/p>\n<p style=\"text-align: center;\">Vigilancia inmunol\u00f3gica, Inmunolog\u00eda hep\u00e1tica, Tolerancia inmunol\u00f3gica<\/p>\n<p>[\/et_pb_team_member][\/et_pb_column][et_pb_column type=\u00bb1_2&#8243; _builder_version=\u00bb4.3.1&#8243; global_colors_info=\u00bb{}\u00bb][et_pb_team_member name=\u00bbDirk Wohlleber\u00bb position=\u00bbL\u00edder del grupo de investigaci\u00f3n\u00bb image_url=\u00bbhttps:\/\/www.thervacb.eu\/wp-content\/uploads\/person-blue.png\u00bb _builder_version=\u00bb4.4.1&#8243; header_text_align=\u00bbcenter\u00bb position_text_align=\u00bbcenter\u00bb position_line_height=\u00bb2em\u00bb text_orientation=\u00bbleft\u00bb custom_padding=\u00bb40px|20px|20px|20px|false|false\u00bb border_radii=\u00bbon|10px|10px|10px|10px\u00bb box_shadow_style=\u00bbpreset1&#8243; global_colors_info=\u00bb{}\u00bb transform_styles__hover_enabled=\u00bbon|hover\u00bb transform_scale__hover_enabled=\u00bbon|hover\u00bb transform_translate__hover_enabled=\u00bbon|desktop\u00bb transform_rotate__hover_enabled=\u00bbon|desktop\u00bb transform_skew__hover_enabled=\u00bbon|desktop\u00bb transform_origin__hover_enabled=\u00bbon|desktop\u00bb transform_scale__hover=\u00bb105%|105%\u00bb custom_css_member_image_last_edited=\u00bbon|desktop\u00bb]<\/p>\n<p style=\"text-align: center;\">Experto en inmunidad a la infecci\u00f3n por el VHB<\/p>\n<p>[\/et_pb_team_member][\/et_pb_column][\/et_pb_row][et_pb_row _builder_version=\u00bb4.4.1&#8243; global_colors_info=\u00bb{}\u00bb][et_pb_column type=\u00bb4_4&#8243; _builder_version=\u00bb4.4.1&#8243; global_colors_info=\u00bb{}\u00bb][et_pb_text _builder_version=\u00bb4.4.1&#8243; global_colors_info=\u00bb{}\u00bb]<\/p>\n<h1><strong>Departamento de Medicina Interna II (Hepatolog\u00eda\/Gastroenterolog\u00eda)<\/strong><\/h1>\n<p>El departamento ofrece opciones de tratamiento completas para todo el espectro de enfermedades del h\u00edgado y del tracto gastrointestinal. Su equipo cuenta con m\u00e1s de 60 m\u00e9dicos y m\u00e1s de 190 empleados de enfermer\u00eda, apoyo y cient\u00edficos. Sus m\u00e9dicos tienen una formaci\u00f3n m\u00e9dica avanzada, una amplia experiencia cl\u00ednica y de investigaci\u00f3n, y conocimientos tecnol\u00f3gicos. Adem\u00e1s de la medicina interna general, el departamento se centra en la oncolog\u00eda del tracto gastrointestinal, la hepatolog\u00eda, la endocrinolog\u00eda, la diabetolog\u00eda, la infectolog\u00eda y la medicina interna de cuidados intensivos. Su cl\u00ednica ambulatoria de hepatolog\u00eda recibe m\u00e1s de 3.000 visitas de pacientes al a\u00f1o y ofrece diagn\u00f3stico y tratamiento especializados para una amplia variedad de enfermedades hep\u00e1ticas, incluida la infecci\u00f3n por el virus de la hepatitis B. El departamento participa en muchos estudios cl\u00ednicos, incluyendo &gt;10 ensayos cl\u00ednicos de fase Ib\/IIa. La investigaci\u00f3n b\u00e1sica se centra en la patog\u00e9nesis molecular de las enfermedades del h\u00edgado, el p\u00e1ncreas y el tracto gastrointestinal.<\/p>\n<p>[\/et_pb_text][\/et_pb_column][\/et_pb_row][et_pb_row _builder_version=\u00bb4.4.1&#8243; global_colors_info=\u00bb{}\u00bb][et_pb_column type=\u00bb4_4&#8243; _builder_version=\u00bb4.4.1&#8243; global_colors_info=\u00bb{}\u00bb][et_pb_text _builder_version=\u00bb4.4.1&#8243; global_colors_info=\u00bb{}\u00bb]<\/p>\n<h2>Funci\u00f3n en TherVacB<\/h2>\n<p>En el consorcio TheVacB ayudamos a crear el registro de pacientes infectados cr\u00f3nicamente por el virus de la hepatitis B. En este registro inscribimos a pacientes de nuestras cl\u00ednicas ambulatorias de hepatolog\u00eda y de enfermedades infecciosas. Los pacientes infectados cr\u00f3nicamente por el VHB y que est\u00e9n dispuestos a participar en este estudio son seleccionados para su participaci\u00f3n\/inclusi\u00f3n en el ensayo cl\u00ednico que prueba la nueva vacuna terap\u00e9utica para la hepatitis B cr\u00f3nica.<\/p>\n<p>[\/et_pb_text][\/et_pb_column][\/et_pb_row][et_pb_row column_structure=\u00bb1_3,1_3,1_3&#8243; _builder_version=\u00bb4.4.1&#8243; custom_padding=\u00bb||0px|||\u00bb global_colors_info=\u00bb{}\u00bb][et_pb_column type=\u00bb1_3&#8243; _builder_version=\u00bb4.4.1&#8243; global_colors_info=\u00bb{}\u00bb][et_pb_team_member name=\u00bbMarc Ringelhan\u00bb position=\u00bbMD, Investigador de ensayos cl\u00ednicos \u00bb image_url=\u00bbhttps:\/\/www.thervacb.eu\/wp-content\/uploads\/tum-med_marc-ringelhan.jpg\u00bb _builder_version=\u00bb4.4.6&#8243; header_text_align=\u00bbcenter\u00bb position_text_align=\u00bbcenter\u00bb position_line_height=\u00bb2em\u00bb text_orientation=\u00bbleft\u00bb custom_padding=\u00bb40px|20px|20px|20px|false|false\u00bb custom_css_member_image=\u00bb-webkit-clip-path: circle(45% at 50% 68%);||clip-path: circle(43% at 50% 68%);||margin-top:-20px;||height:160px;||margin-left: auto;||margin-right: auto;||\u00bb custom_css_member_description=\u00bbmargin-top:80px\u00bb border_radii=\u00bbon|10px|10px|10px|10px\u00bb box_shadow_style=\u00bbpreset1&#8243; global_colors_info=\u00bb{}\u00bb]<\/p>\n<p style=\"text-align: center;\">M\u00e9dico, cl\u00ednica ambulatoria de hepatolog\u00eda, especialista en infecci\u00f3n por el virus de la hepatitis B, especialista en hepatolog\u00eda, investigador principal en ensayos cl\u00ednicos.<\/p>\n<p>[\/et_pb_team_member][\/et_pb_column][et_pb_column type=\u00bb1_3&#8243; _builder_version=\u00bb4.4.1&#8243; global_colors_info=\u00bb{}\u00bb][et_pb_team_member name=\u00bbChristoph D. Spinner\u00bb position=\u00bbMD, Investigador de ensayos cl\u00ednicos \u00bb image_url=\u00bbhttps:\/\/www.thervacb.eu\/wp-content\/uploads\/TUM-Med_Christoph-Spinner.jpg\u00bb _builder_version=\u00bb4.4.4&#8243; header_text_align=\u00bbcenter\u00bb position_text_align=\u00bbcenter\u00bb position_line_height=\u00bb2em\u00bb text_orientation=\u00bbleft\u00bb custom_padding=\u00bb40px|20px|20px|20px|false|false\u00bb custom_css_member_image=\u00bb-webkit-clip-path: circle(45% at 50% 68%);||clip-path: circle(43% at 50% 68%);||margin-top:-20px;||height:160px;||margin-left: auto;||margin-right: auto;||\u00bb custom_css_member_description=\u00bbmargin-top:80px\u00bb border_radii=\u00bbon|10px|10px|10px|10px\u00bb box_shadow_style=\u00bbpreset1&#8243; global_colors_info=\u00bb{}\u00bb]<\/p>\n<p style=\"text-align: center;\">M\u00e9dico superior, cl\u00ednica ambulatoria de enfermedades infecciosas, investigador principal y especialista en ensayos cl\u00ednicos.<\/p>\n<p>[\/et_pb_team_member][\/et_pb_column][et_pb_column type=\u00bb1_3&#8243; _builder_version=\u00bb4.4.1&#8243; global_colors_info=\u00bb{}\u00bb][et_pb_team_member name=\u00bbJennifer Lieb\u00bb position=\u00bbAsistente m\u00e9dico superior\u00bb image_url=\u00bbhttps:\/\/www.thervacb.eu\/wp-content\/uploads\/person-blue.png\u00bb _builder_version=\u00bb4.4.1&#8243; header_text_align=\u00bbcenter\u00bb position_text_align=\u00bbcenter\u00bb position_line_height=\u00bb2em\u00bb text_orientation=\u00bbleft\u00bb custom_padding=\u00bb40px|20px|20px|20px|false|false\u00bb custom_css_member_image=\u00bb-webkit-clip-path: circle(45% at 50% 68%);||clip-path: circle(43% at 50% 68%);||margin-top:-20px;||height:160px;||margin-left: auto;||margin-right: auto;||\u00bb custom_css_member_description=\u00bbmargin-top:80px\u00bb border_radii=\u00bbon|10px|10px|10px|10px\u00bb box_shadow_style=\u00bbpreset1&#8243; global_colors_info=\u00bb{}\u00bb]<\/p>\n<p style=\"text-align: center;\">Estudio de la enfermera<\/p>\n<p>[\/et_pb_team_member][\/et_pb_column][\/et_pb_row][et_pb_row _builder_version=\u00bb4.4.1&#8243; global_colors_info=\u00bb{}\u00bb][et_pb_column type=\u00bb4_4&#8243; _builder_version=\u00bb4.4.1&#8243; global_colors_info=\u00bb{}\u00bb][et_pb_text _builder_version=\u00bb4.4.1&#8243; global_colors_info=\u00bb{}\u00bb]<\/p>\n<h1><strong>Instituto de Historia y \u00c9tica de la Medicina (IHEM)<\/strong><\/h1>\n<p>El Instituto de Historia y \u00c9tica de la Medicina (IHEM) de la TUM es una instituci\u00f3n de investigaci\u00f3n interdisciplinaria en la interfaz entre la medicina, la tecnolog\u00eda y las ciencias sociales dirigida por el profesor A. Buyx.<\/p>\n<p>El instituto trabaja en las dimensiones \u00e9tica, hist\u00f3rica y cultural de la medicina. Nos centramos en cuestiones de desarrollo responsable e integraci\u00f3n \u00e9tica de las nuevas tecnolog\u00edas biom\u00e9dicas en la investigaci\u00f3n y la pr\u00e1ctica cl\u00ednica, como los biomarcadores, las aplicaciones en IA\/rob\u00f3tica incorporada o la neuroestimulaci\u00f3n en ni\u00f1os. Otros puntos de inter\u00e9s son los nuevos conceptos de solidaridad en medicina, as\u00ed como las cuestiones de neuro\u00e9tica, \u00e9tica de la investigaci\u00f3n y \u00e9tica de la salud p\u00fablica.<\/p>\n<p>Los investigadores del IHEM tienen una amplia experiencia en el an\u00e1lisis \u00e9tico te\u00f3rico, as\u00ed como en los estudios emp\u00edricos de m\u00e9todos mixtos y en el desarrollo de pol\u00edticas. Siguen un enfoque interdisciplinario y \u00e9tico y colaboran regularmente con colegas cl\u00ednicos y de otras disciplinas. <strong><br \/><\/strong><\/p>\n<p>[\/et_pb_text][\/et_pb_column][\/et_pb_row][et_pb_row _builder_version=\u00bb4.4.1&#8243; global_colors_info=\u00bb{}\u00bb][et_pb_column type=\u00bb4_4&#8243; _builder_version=\u00bb4.4.1&#8243; global_colors_info=\u00bb{}\u00bb][et_pb_text _builder_version=\u00bb4.4.1&#8243; global_colors_info=\u00bb{}\u00bb]<\/p>\n<h2>Funci\u00f3n en TherVacB<\/h2>\n<p>El equipo de investigaci\u00f3n del IHEM se encarga de los estudios \u00e9ticos del proyecto TherVacB, centr\u00e1ndose en el desarrollo de una estrategia de captaci\u00f3n en las redes sociales que responda a los retos \u00e9ticos y normativos. Para ello, se realizar\u00e1 un estudio de m\u00e9todos mixtos sobre las implicaciones \u00e9ticas, sociales y normativas de la vacuna.<\/p>\n<p>[\/et_pb_text][\/et_pb_column][\/et_pb_row][et_pb_row column_structure=\u00bb1_3,1_3,1_3&#8243; _builder_version=\u00bb4.11.3&#8243; global_colors_info=\u00bb{}\u00bb][et_pb_column type=\u00bb1_3&#8243; _builder_version=\u00bb4.4.1&#8243; global_colors_info=\u00bb{}\u00bb][et_pb_team_member name=\u00bbAlena Buyx\u00bb position=\u00bbDirector del IGEM, Profesor de \u00c9tica en Medicina y Tecnolog\u00edas Sanitarias\u00bb image_url=\u00bbhttps:\/\/www.thervacb.eu\/wp-content\/uploads\/tum_alena-buyx_copyright-andreas-heddergott-tum.jpg\u00bb _builder_version=\u00bb4.4.1&#8243; header_text_align=\u00bbcenter\u00bb position_text_align=\u00bbcenter\u00bb position_line_height=\u00bb2em\u00bb text_orientation=\u00bbleft\u00bb custom_padding=\u00bb40px|20px|20px|20px|false|false\u00bb custom_css_member_image=\u00bb-webkit-clip-path: circle(45% at 50% 68%);||clip-path: circle(43% at 50% 68%);||margin-top:-20px;||height:160px;||margin-left: auto;||margin-right: auto;||\u00bb custom_css_member_description=\u00bbmargin-top:80px\u00bb border_radii=\u00bbon|10px|10px|10px|10px\u00bb box_shadow_style=\u00bbpreset1&#8243; global_colors_info=\u00bb{}\u00bb]<\/p>\n<p style=\"text-align: center;\">Experto en \u00e9tica m\u00e9dica y de la salud p\u00fablica: \u00e9tica de la innovaci\u00f3n m\u00e9dica y de las tecnolog\u00edas de la salud, \u00e9tica de la investigaci\u00f3n, cuestiones de solidaridad y justicia en la salud p\u00fablica y la prestaci\u00f3n de asistencia sanitaria, nuevos enfoques participativos en biomedicina.<\/p>\n<p>[\/et_pb_team_member][\/et_pb_column][et_pb_column type=\u00bb1_3&#8243; _builder_version=\u00bb4.4.1&#8243; global_colors_info=\u00bb{}\u00bb][et_pb_team_member name=\u00bbTheresa Willem\u00bb position=\u00bbAsociado de investigaci\u00f3n\u00bb image_url=\u00bbhttps:\/\/www.thervacb.eu\/wp-content\/uploads\/tum-theresa-willem.jpg\u00bb _builder_version=\u00bb4.4.3&#8243; header_text_align=\u00bbcenter\u00bb position_text_align=\u00bbcenter\u00bb position_line_height=\u00bb2em\u00bb text_orientation=\u00bbleft\u00bb custom_padding=\u00bb40px|20px|20px|20px|false|false\u00bb custom_css_member_image=\u00bb-webkit-clip-path: circle(45% at 50% 68%);||clip-path: circle(43% at 50% 68%);||margin-top:-20px;||height:160px;||margin-left: auto;||margin-right: auto;||\u00bb custom_css_member_description=\u00bbmargin-top:80px\u00bb border_radii=\u00bbon|10px|10px|10px|10px\u00bb box_shadow_style=\u00bbpreset1&#8243; global_colors_info=\u00bb{}\u00bb]<\/p>\n<p style=\"text-align: center;\">Especializado en \u00e9tica biom\u00e9dica, \u00e9tica de los medios sociales y de la IA, salud digital.<\/p>\n<p>[\/et_pb_team_member][\/et_pb_column][et_pb_column type=\u00bb1_3&#8243; _builder_version=\u00bb4.4.1&#8243; global_colors_info=\u00bb{}\u00bb][et_pb_team_member name=\u00bbBettina M. Zimmermann\u00bb position=\u00bbAsociado de investigaci\u00f3n\u00bb image_url=\u00bbhttps:\/\/www.thervacb.eu\/wp-content\/uploads\/zimmermann-bettina-ihem.jpg\u00bb _builder_version=\u00bb4.11.3&#8243; header_text_align=\u00bbcenter\u00bb position_text_align=\u00bbcenter\u00bb position_line_height=\u00bb2em\u00bb text_orientation=\u00bbleft\u00bb custom_padding=\u00bb40px|20px|20px|20px|false|false\u00bb custom_css_member_image=\u00bb-webkit-clip-path: circle(45% at 50% 68%);||clip-path: circle(43% at 50% 68%);||margin-top:-20px;||height:160px;||margin-left: auto;||margin-right: auto;||\u00bb custom_css_member_description=\u00bbmargin-top:80px\u00bb border_radii=\u00bbon|10px|10px|10px|10px\u00bb box_shadow_style=\u00bbpreset1&#8243; global_colors_info=\u00bb{}\u00bb]<\/p>\n<p style=\"text-align: center;\">Especializado en bio\u00e9tica emp\u00edrica, \u00e9tica biom\u00e9dica y \u00e9tica de la salud p\u00fablica.<\/p>\n<p>[\/et_pb_team_member][\/et_pb_column][\/et_pb_row][\/et_pb_section]<\/p>\n","protected":false},"excerpt":{"rendered":"<p>Klinikum Rechts der Isar der Technischen Universit\u00e4t M\u00fcnchen Informaci\u00f3n general Con su equipo altamente cualificado de m\u00e9dicos, enfermeras y cient\u00edficos, el Hospital Universitario rechts der Isar (situado a la derecha del r\u00edo Isar) acoge a pacientes no s\u00f3lo de M\u00fanich, sino de todo el mundo. La Klinikum rechts der Isar es el hospital universitario de [&hellip;]<\/p>\n","protected":false},"author":4,"featured_media":0,"parent":3020,"menu_order":14,"comment_status":"closed","ping_status":"closed","template":"","meta":{"_et_pb_use_builder":"on","_et_pb_old_content":"","_et_gb_content_width":"","_monsterinsights_skip_tracking":false,"_monsterinsights_sitenote_active":false,"_monsterinsights_sitenote_note":"","_monsterinsights_sitenote_category":0,"footnotes":"","_links_to":"","_links_to_target":""},"class_list":["post-2998","page","type-page","status-publish","hentry"],"aioseo_notices":[],"_links":{"self":[{"href":"https:\/\/www.thervacb.eu\/es\/wp-json\/wp\/v2\/pages\/2998","targetHints":{"allow":["GET"]}}],"collection":[{"href":"https:\/\/www.thervacb.eu\/es\/wp-json\/wp\/v2\/pages"}],"about":[{"href":"https:\/\/www.thervacb.eu\/es\/wp-json\/wp\/v2\/types\/page"}],"author":[{"embeddable":true,"href":"https:\/\/www.thervacb.eu\/es\/wp-json\/wp\/v2\/users\/4"}],"replies":[{"embeddable":true,"href":"https:\/\/www.thervacb.eu\/es\/wp-json\/wp\/v2\/comments?post=2998"}],"version-history":[{"count":3,"href":"https:\/\/www.thervacb.eu\/es\/wp-json\/wp\/v2\/pages\/2998\/revisions"}],"predecessor-version":[{"id":12670,"href":"https:\/\/www.thervacb.eu\/es\/wp-json\/wp\/v2\/pages\/2998\/revisions\/12670"}],"up":[{"embeddable":true,"href":"https:\/\/www.thervacb.eu\/es\/wp-json\/wp\/v2\/pages\/3020"}],"wp:attachment":[{"href":"https:\/\/www.thervacb.eu\/es\/wp-json\/wp\/v2\/media?parent=2998"}],"curies":[{"name":"wp","href":"https:\/\/api.w.org\/{rel}","templated":true}]}}