{"id":3204,"date":"2021-02-08T08:34:42","date_gmt":"2021-02-08T08:34:42","guid":{"rendered":"https:\/\/www.thervacb.eu\/equipe\/partenaire-fcrb\/"},"modified":"2025-07-15T07:23:31","modified_gmt":"2025-07-15T06:23:31","slug":"partenaire-fcrb","status":"publish","type":"page","link":"https:\/\/www.thervacb.eu\/fr\/equipe\/partenaire-fcrb\/","title":{"rendered":"Partenaire FCRB"},"content":{"rendered":"<p>[et_pb_section fb_built=\u00a0\u00bb1&Prime; fullwidth=\u00a0\u00bbon\u00a0\u00bb admin_label=\u00a0\u00bbMap\u00a0\u00bb _builder_version=\u00a0\u00bb4.9.0&Prime; da_disable_devices=\u00a0\u00bboff|off|off\u00a0\u00bb global_module=\u00a0\u00bb539&Prime; saved_tabs=\u00a0\u00bball\u00a0\u00bb global_colors_info=\u00a0\u00bb{}\u00a0\u00bb da_is_popup=\u00a0\u00bboff\u00a0\u00bb da_exit_intent=\u00a0\u00bboff\u00a0\u00bb da_has_close=\u00a0\u00bbon\u00a0\u00bb da_alt_close=\u00a0\u00bboff\u00a0\u00bb da_dark_close=\u00a0\u00bboff\u00a0\u00bb da_not_modal=\u00a0\u00bbon\u00a0\u00bb da_is_singular=\u00a0\u00bboff\u00a0\u00bb da_with_loader=\u00a0\u00bboff\u00a0\u00bb da_has_shadow=\u00a0\u00bbon\u00a0\u00bb][et_pb_map_fullwidth_extended address=\u00a0\u00bbParis, France\u00a0\u00bb zoom_level=\u00a0\u00bb2&Prime; address_lat=\u00a0\u00bb43.762201679538&Prime; address_lng=\u00a0\u00bb5.1647219&Prime; mobile_dragging=\u00a0\u00bboff\u00a0\u00bb map_type_control_position=\u00a0\u00bbLEFT_CENTER\u00a0\u00bb streetview_control_position=\u00a0\u00bbLEFT_BOTTOM\u00a0\u00bb info_window_width=\u00a0\u00bb300px\u00a0\u00bb map_type=\u00a0\u00bb2&Prime; _builder_version=\u00a0\u00bb4.9.0&Prime; title_text_color=\u00a0\u00bb#1c9080&Prime; title_font_size=\u00a0\u00bb24px\u00a0\u00bb content_text_color=\u00a0\u00bb#666666&Prime; content_font_size=\u00a0\u00bb18px\u00a0\u00bb global_colors_info=\u00a0\u00bb{}\u00a0\u00bb][et_pb_map_pin_extended title=\u00a0\u00bbLMU\u00a0\u00bb pin_address=\u00a0\u00bbGESCHWISTER SCHOLL PLATZ 1, 80539 M\u00fcnchen,\u00a0\u00bb pin_address_lat=\u00a0\u00bb48.1540685&Prime; pin_address_lng=\u00a0\u00bb11.5823284&Prime; pin_fill_color=\u00a0\u00bb#2d788c\u00a0\u00bb pin_stroke_color=\u00a0\u00bb#06423a\u00a0\u00bb pin_circle_color=\u00a0\u00bb#ffffff\u00a0\u00bb _builder_version=\u00a0\u00bb4.9.0&Prime; global_colors_info=\u00a0\u00bb{}\u00a0\u00bb]<\/p>\n<p><a title=\"LMU\" href=\"https:\/\/www.thervacb.eu\/team\/partner-lmu\/\"><img loading=\"lazy\" decoding=\"async\" class=\"wp-image-763 size-full\" src=\"https:\/\/www.thervacb.eu\/wp-content\/uploads\/lmu-logo.png\" alt=\"LMU\" width=\"204\" height=\"57\" \/><\/a><\/p>\n<p>[\/et_pb_map_pin_extended][et_pb_map_pin_extended title=\u00a0\u00bbCTC North\u00a0\u00bb pin_address=\u00a0\u00bbMartinistra\u00dfe 64, 20251 Hamburg, Deutschland\u00a0\u00bb pin_address_lat=\u00a0\u00bb53.5898297&Prime; pin_address_lng=\u00a0\u00bb9.9736084&Prime; pin_fill_color=\u00a0\u00bb#2d788c\u00a0\u00bb pin_stroke_color=\u00a0\u00bb#06423a\u00a0\u00bb pin_circle_color=\u00a0\u00bb#ffffff\u00a0\u00bb _builder_version=\u00a0\u00bb4.4.3&Prime; global_colors_info=\u00a0\u00bb{}\u00a0\u00bb]<\/p>\n<p><a href=\"https:\/\/www.thervacb.eu\/team\/\" title=\"CTC North\"><img loading=\"lazy\" decoding=\"async\" src=\"https:\/\/www.thervacb.eu\/wp-content\/uploads\/151204-ctc-logo-cmyk-400x114.png\" alt=\"\" class=\"wp-image-523 aligncenter size-medium\" width=\"200\" height=\"57\" srcset=\"https:\/\/www.thervacb.eu\/wp-content\/uploads\/151204-ctc-logo-cmyk-400x116.png 400w, https:\/\/www.thervacb.eu\/wp-content\/uploads\/151204-ctc-logo-cmyk.png 406w\" sizes=\"auto, (max-width: 200px) 100vw, 200px\" \/><\/a><\/p>\n<p>[\/et_pb_map_pin_extended][et_pb_map_pin_extended title=\u00a0\u00bbFundaci\u00f3 Cl\u00ednic per a la Recerca Biom\u00e8dica\u00a0\u00bb pin_address=\u00a0\u00bbCarrer del Rossell\u00f3, 149, 08036 Barcelona, Spanien\u00a0\u00bb pin_address_lat=\u00a0\u00bb41.3885899&Prime; pin_address_lng=\u00a0\u00bb2.1508862&Prime; pin_fill_color=\u00a0\u00bb#2d788c\u00a0\u00bb pin_stroke_color=\u00a0\u00bb#06423a\u00a0\u00bb pin_circle_color=\u00a0\u00bb#ffffff\u00a0\u00bb _builder_version=\u00a0\u00bb4.4.2&Prime; global_colors_info=\u00a0\u00bb{}\u00a0\u00bb]<\/p>\n<p><a href=\"https:\/\/www.thervacb.eu\/team\/partner-fcrb\/\" title=\"Clinic Barcelona\"><img loading=\"lazy\" decoding=\"async\" src=\"https:\/\/www.thervacb.eu\/wp-content\/uploads\/clinic-barcelona-logo.png\" alt=\"Clinic Barcelona\" class=\"wp-image-758 size-full\" width=\"200\" height=\"126\" \/><\/a><\/p>\n<p>[\/et_pb_map_pin_extended][et_pb_map_pin_extended title=\u00a0\u00bbHelmholtz Zentrum M\u00fcnchen\u00a0\u00bb pin_address=\u00a0\u00bbIngolst\u00e4dter Landstra\u00dfe 1, 85764 Oberschlei\u00dfheim, Deutschland\u00a0\u00bb pin_address_lat=\u00a0\u00bb48.2208172&Prime; pin_address_lng=\u00a0\u00bb11.5871674&Prime; pin_fill_color=\u00a0\u00bb#2d788c\u00a0\u00bb pin_stroke_color=\u00a0\u00bb#06423a\u00a0\u00bb pin_circle_color=\u00a0\u00bb#ffffff\u00a0\u00bb _builder_version=\u00a0\u00bb4.4.1&Prime; global_colors_info=\u00a0\u00bb{}\u00a0\u00bb]<\/p>\n<p><a href=\"https:\/\/www.thervacb.eu\/team\/partner-hmgu\/\" title=\"Helmholtz Zentrum M\u00fcnchen\"><img loading=\"lazy\" decoding=\"async\" src=\"https:\/\/www.thervacb.eu\/wp-content\/uploads\/helmholzzentrum-logo.png\" alt=\"Helmholtz Zentrum M\u00fcnchen\" class=\"wp-image-760 size-full\" width=\"236\" height=\"50\" \/><\/a><\/p>\n<p>[\/et_pb_map_pin_extended][et_pb_map_pin_extended title=\u00a0\u00bbHelmholtz Zentrum f\u00fcr Infektionsforschung GmbH\u00a0\u00bb pin_address=\u00a0\u00bbInhoffenstra\u00dfe 7, 38124 Braunschweig, Deutschland\u00a0\u00bb pin_address_lat=\u00a0\u00bb52.2109803&Prime; pin_address_lng=\u00a0\u00bb10.5314925&Prime; pin_fill_color=\u00a0\u00bb#2d788c\u00a0\u00bb pin_stroke_color=\u00a0\u00bb#06423a\u00a0\u00bb pin_circle_color=\u00a0\u00bb#ffffff\u00a0\u00bb _builder_version=\u00a0\u00bb4.4.2&Prime; global_colors_info=\u00a0\u00bb{}\u00a0\u00bb]<a href=\"https:\/\/www.thervacb.eu\/team\/partner-hzi\/\" title=\"Helmholtz-Zentrum f\u00fcr Infektionsforschung GmbH (HZI)\"><img loading=\"lazy\" decoding=\"async\" src=\"https:\/\/www.thervacb.eu\/wp-content\/uploads\/hzi-logo-400x133.png\" alt=\"\" class=\"wp-image-525 alignleft size-medium\" width=\"200\" height=\"66\" srcset=\"https:\/\/www.thervacb.eu\/wp-content\/uploads\/hzi-logo-400x133.png 400w, https:\/\/www.thervacb.eu\/wp-content\/uploads\/hzi-logo.png 406w\" sizes=\"auto, (max-width: 200px) 100vw, 200px\" \/><\/a>[\/et_pb_map_pin_extended][et_pb_map_pin_extended title=\u00a0\u00bbMedizinische Hochschule Hannover\u00a0\u00bb pin_address=\u00a0\u00bbCarl-Neuberg-Stra\u00dfe 1, 30625 Hannover, Deutschland\u00a0\u00bb pin_address_lat=\u00a0\u00bb52.3834749&Prime; pin_address_lng=\u00a0\u00bb9.8047999&Prime; pin_fill_color=\u00a0\u00bb#2d788c\u00a0\u00bb pin_stroke_color=\u00a0\u00bb#06423a\u00a0\u00bb pin_circle_color=\u00a0\u00bb#ffffff\u00a0\u00bb _builder_version=\u00a0\u00bb4.4.1&Prime; global_colors_info=\u00a0\u00bb{}\u00a0\u00bb]<\/p>\n<p><a href=\"https:\/\/www.thervacb.eu\/team\/partner-mhh\/\" title=\"Medizinische Hochschule Hannover\"><img loading=\"lazy\" decoding=\"async\" src=\"https:\/\/www.thervacb.eu\/wp-content\/uploads\/mhh-logo.png\" alt=\"MHH\" class=\"wp-image-765 size-full\" width=\"220\" height=\"38\" \/><\/a><\/p>\n<p>[\/et_pb_map_pin_extended][et_pb_map_pin_extended title=\u00a0\u00bb NIMR-Mbeya Medical Research Center\u00a0\u00bb pin_address=\u00a0\u00bbHospital Hill Rd, Mbeya, Tansania\u00a0\u00bb pin_address_lat=\u00a0\u00bb-8.8892372&Prime; pin_address_lng=\u00a0\u00bb33.4397813&Prime; pin_fill_color=\u00a0\u00bb#2d788c\u00a0\u00bb pin_stroke_color=\u00a0\u00bb#06423a\u00a0\u00bb pin_circle_color=\u00a0\u00bb#ffffff\u00a0\u00bb _builder_version=\u00a0\u00bb4.4.1&Prime; global_colors_info=\u00a0\u00bb{}\u00a0\u00bb]<\/p>\n<p><a href=\"https:\/\/www.thervacb.eu\/team\/partner-nimr\/\" title=\" NIMR-Mbeya Medical Research Center\"><img loading=\"lazy\" decoding=\"async\" src=\"https:\/\/www.thervacb.eu\/wp-content\/uploads\/nimr-mmrc-logo-g.png\" alt=\"National Institute for Medical Research\" class=\"wp-image-600 size-full\" width=\"200\" height=\"200\" srcset=\"https:\/\/www.thervacb.eu\/wp-content\/uploads\/nimr-mmrc-logo-g.png 200w, https:\/\/www.thervacb.eu\/wp-content\/uploads\/nimr-mmrc-logo-g-150x150.png 150w\" sizes=\"auto, (max-width: 200px) 100vw, 200px\" \/><\/a><\/p>\n<p>[\/et_pb_map_pin_extended][et_pb_map_pin_extended title=\u00a0\u00bbTechnische Universit\u00e4t M\u00fcnchen\u00a0\u00bb pin_address=\u00a0\u00bbArcisstra\u00dfe 21, 80333 M\u00fcnchen, Deutschland\u00a0\u00bb pin_address_lat=\u00a0\u00bb48.1486686&Prime; pin_address_lng=\u00a0\u00bb11.5685941&Prime; pin_fill_color=\u00a0\u00bb#2d788c\u00a0\u00bb pin_stroke_color=\u00a0\u00bb#06423a\u00a0\u00bb pin_circle_color=\u00a0\u00bb#ffffff\u00a0\u00bb _builder_version=\u00a0\u00bb4.4.1&Prime; global_colors_info=\u00a0\u00bb{}\u00a0\u00bb]<\/p>\n<p><a href=\"https:\/\/www.thervacb.eu\/team\/partner-tum\/\" title=\"Technische Universit\u00e4t M\u00fcnchen\"><img loading=\"lazy\" decoding=\"async\" src=\"https:\/\/www.thervacb.eu\/wp-content\/uploads\/tum-logo.png\" alt=\"TUM\" class=\"wp-image-768 size-full\" width=\"200\" height=\"67\" \/><\/a> <\/p>\n<p>[\/et_pb_map_pin_extended][et_pb_map_pin_extended title=\u00a0\u00bbUNIVERSITY COLLEGE LONDON\u00a0\u00bb pin_address=\u00a0\u00bbGOWER STREET, WC1E 6BT London\u00a0\u00bb pin_address_lat=\u00a0\u00bb51.5233687&Prime; pin_address_lng=\u00a0\u00bb-0.135766&Prime; pin_fill_color=\u00a0\u00bb#2d788c\u00a0\u00bb pin_stroke_color=\u00a0\u00bb#06423a\u00a0\u00bb pin_circle_color=\u00a0\u00bb#ffffff\u00a0\u00bb _builder_version=\u00a0\u00bb4.4.3&Prime; global_colors_info=\u00a0\u00bb{}\u00a0\u00bb]<\/p>\n<p><a href=\"https:\/\/www.thervacb.eu\/team\/partner-ucl\/\" title=\"UNIVERSITY COLLEGE LONDON\"><img loading=\"lazy\" decoding=\"async\" src=\"https:\/\/www.thervacb.eu\/wp-content\/uploads\/ucl-logo.png\" alt=\"UCL\" class=\"wp-image-770 size-full\" width=\"200\" height=\"59\" \/><\/a><\/p>\n<p>[\/et_pb_map_pin_extended][et_pb_map_pin_extended title=\u00a0\u00bbARTTIC SAS\u00a0\u00bb pin_address=\u00a0\u00bb58a Rue du Dessous des Berges, 75013 Paris, Frankreich\u00a0\u00bb pin_address_lat=\u00a0\u00bb48.827405&Prime; pin_address_lng=\u00a0\u00bb2.3743052&Prime; pin_fill_color=\u00a0\u00bb#2d788c\u00a0\u00bb pin_stroke_color=\u00a0\u00bb#06423a\u00a0\u00bb pin_circle_color=\u00a0\u00bb#ffffff\u00a0\u00bb _builder_version=\u00a0\u00bb4.4.1&Prime; global_colors_info=\u00a0\u00bb{}\u00a0\u00bb]<\/p>\n<p><a href=\"https:\/\/www.thervacb.eu\/team\/arttic\/\" title=\"ARTTIC\"><img loading=\"lazy\" decoding=\"async\" src=\"https:\/\/www.thervacb.eu\/wp-content\/uploads\/arttic-logo-400x200.png\" alt=\"\" class=\"wp-image-524 alignleft size-medium\" width=\"200\" height=\"100\" srcset=\"https:\/\/www.thervacb.eu\/wp-content\/uploads\/arttic-logo-400x200.png 400w, https:\/\/www.thervacb.eu\/wp-content\/uploads\/arttic-logo.png 406w\" sizes=\"auto, (max-width: 200px) 100vw, 200px\" \/><\/a><\/p>\n<p>[\/et_pb_map_pin_extended][et_pb_map_pin_extended title=\u00a0\u00bbKlinikum Rechts der Isar der Technischen Universit\u00e4t M\u00fcnchen\u00a0\u00bb pin_address=\u00a0\u00bbH\u00f6rsaal A, Klinikum rechts der Isar, Ismaninger Str. 22, 81675 M\u00fcnchen, Deutschland\u00a0\u00bb pin_address_lat=\u00a0\u00bb48.1360041&Prime; pin_address_lng=\u00a0\u00bb11.5997829&Prime; pin_fill_color=\u00a0\u00bb#2d788c\u00a0\u00bb pin_stroke_color=\u00a0\u00bb#06423a\u00a0\u00bb pin_circle_color=\u00a0\u00bb#ffffff\u00a0\u00bb _builder_version=\u00a0\u00bb4.4.1&Prime; global_colors_info=\u00a0\u00bb{}\u00a0\u00bb]<\/p>\n<p><a href=\"https:\/\/www.thervacb.eu\/team\/partner-tum-med\/\"><img loading=\"lazy\" decoding=\"async\" src=\"https:\/\/www.thervacb.eu\/wp-content\/uploads\/logo-mri-tum-400x118.png\" alt=\"\" class=\"wp-image-521 aligncenter size-medium\" style=\"float: left;\" width=\"200\" height=\"59\" srcset=\"https:\/\/www.thervacb.eu\/wp-content\/uploads\/logo-mri-tum-400x120.png 400w, https:\/\/www.thervacb.eu\/wp-content\/uploads\/logo-mri-tum.png 406w\" sizes=\"auto, (max-width: 200px) 100vw, 200px\" \/><\/a><\/p>\n<p>[\/et_pb_map_pin_extended][et_pb_map_pin_extended title=\u00a0\u00bbUniversit\u00e4tsklinikum Hamburg-Eppendorf \u00a0\u00bb pin_address=\u00a0\u00bbMartinistra\u00dfe 52, 20251 Hamburg, Deutschland\u00a0\u00bb pin_address_lat=\u00a0\u00bb53.5902421&Prime; pin_address_lng=\u00a0\u00bb9.9785922&Prime; pin_fill_color=\u00a0\u00bb#2d788c\u00a0\u00bb pin_stroke_color=\u00a0\u00bb#06423a\u00a0\u00bb pin_circle_color=\u00a0\u00bb#ffffff\u00a0\u00bb _builder_version=\u00a0\u00bb4.4.1&Prime; global_colors_info=\u00a0\u00bb{}\u00a0\u00bb]<\/p>\n<p><a href=\"https:\/\/www.thervacb.eu\/team\/partner-uke\/\" title=\"University Medical Center Hamburg-Eppendorf, I. Department of Internal Medicin\"><img loading=\"lazy\" decoding=\"async\" src=\"https:\/\/www.thervacb.eu\/wp-content\/uploads\/uke-hamburg.png\" alt=\"University Medical Center Hamburg-Eppendorf, I. Department of Internal Medicin\" title=\"University Medical Center Hamburg-Eppendorf, I. Department of Internal Medicin\" class=\"wp-image-1057 aligncenter size-full\" style=\"float: left;\" width=\"195\" height=\"169\" \/><\/a><\/p>\n<p>[\/et_pb_map_pin_extended][et_pb_map_pin_extended title=\u00a0\u00bbUniversit\u00e1 degli Studi di Parma\u00a0\u00bb pin_address=\u00a0\u00bbStr. dell&rsquo;Universit\u00e0, 12, 43121 Parma PR, Italien\u00a0\u00bb pin_address_lat=\u00a0\u00bb44.8012357&Prime; pin_address_lng=\u00a0\u00bb10.3255389&Prime; pin_fill_color=\u00a0\u00bb#2d788c\u00a0\u00bb pin_stroke_color=\u00a0\u00bb#06423a\u00a0\u00bb pin_circle_color=\u00a0\u00bb#ffffff\u00a0\u00bb _builder_version=\u00a0\u00bb4.4.1&Prime; global_colors_info=\u00a0\u00bb{}\u00a0\u00bb]<a href=\"https:\/\/www.thervacb.eu\/team\/partner-aop-new\/\"><img loading=\"lazy\" decoding=\"async\" class=\"wp-image-520 aligncenter size-medium\" src=\"https:\/\/www.thervacb.eu\/wp-content\/uploads\/logo-azienda-ospedaliero-universitaria-di-parma-1-400x82.png\" alt=\"\" width=\"200\" height=\"41\" srcset=\"https:\/\/www.thervacb.eu\/wp-content\/uploads\/logo-azienda-ospedaliero-universitaria-di-parma-1-400x83.png 400w, https:\/\/www.thervacb.eu\/wp-content\/uploads\/logo-azienda-ospedaliero-universitaria-di-parma-1.png 406w\" sizes=\"auto, (max-width: 200px) 100vw, 200px\" \/><\/a>[\/et_pb_map_pin_extended][et_pb_map_pin_extended title=\u00a0\u00bbUniversit\u00e4t Leipzig\u00a0\u00bb pin_address=\u00a0\u00bbRitterstra\u00dfe 26, 04109 Leipzig, Deutschland\u00a0\u00bb pin_address_lat=\u00a0\u00bb51.3412809&Prime; pin_address_lng=\u00a0\u00bb12.3802676&Prime; pin_fill_color=\u00a0\u00bb#2d788c\u00a0\u00bb pin_stroke_color=\u00a0\u00bb#06423a\u00a0\u00bb pin_circle_color=\u00a0\u00bb#ffffff\u00a0\u00bb _builder_version=\u00a0\u00bb4.3.4&Prime; global_colors_info=\u00a0\u00bb{}\u00a0\u00bb][\/et_pb_map_pin_extended][et_pb_map_pin_extended title=\u00a0\u00bbBarts Health NHS Trust\u00a0\u00bb pin_address=\u00a0\u00bbCo-operative Bank Plc, 9 Prescot St, Whitechapel, London E1 8AZ, Vereinigtes K\u00f6nigreich\u00a0\u00bb zoom_level=\u00a0\u00bb5&Prime; pin_address_lat=\u00a0\u00bb51.5115034&Prime; pin_address_lng=\u00a0\u00bb-0.0706499&Prime; pin_fill_color=\u00a0\u00bb#2d788c\u00a0\u00bb pin_stroke_color=\u00a0\u00bb#06423a\u00a0\u00bb pin_circle_color=\u00a0\u00bb#ffffff\u00a0\u00bb _builder_version=\u00a0\u00bb4.9.0&Prime; global_colors_info=\u00a0\u00bb{}\u00a0\u00bb][\/et_pb_map_pin_extended][et_pb_map_pin_extended title=\u00a0\u00bbRoyal Free London NHS Foundation Trust\u00a0\u00bb pin_address=\u00a0\u00bbPond St, Hampstead, London NW3 2QG, Vereinigtes K\u00f6nigreich\u00a0\u00bb pin_address_lat=\u00a0\u00bb51.5537706&Prime; pin_address_lng=\u00a0\u00bb-0.1672142&Prime; pin_fill_color=\u00a0\u00bb#2d788c\u00a0\u00bb pin_stroke_color=\u00a0\u00bb#06423a\u00a0\u00bb pin_circle_color=\u00a0\u00bb#ffffff\u00a0\u00bb _builder_version=\u00a0\u00bb4.3.4&Prime; global_colors_info=\u00a0\u00bb{}\u00a0\u00bb][\/et_pb_map_pin_extended][et_pb_map_pin_extended title=\u00a0\u00bbARTTIC Innovation GmbH\u00a0\u00bb pin_address=\u00a0\u00bbOskar-von-Miller-Ring 29, 80333 M\u00fcnchen, Germany\u00a0\u00bb pin_address_lat=\u00a0\u00bb48.1459821&Prime; pin_address_lng=\u00a0\u00bb11.5760781&Prime; pin_fill_color=\u00a0\u00bb#2d788c\u00a0\u00bb pin_stroke_color=\u00a0\u00bb#06423a\u00a0\u00bb pin_circle_color=\u00a0\u00bb#ffffff\u00a0\u00bb _builder_version=\u00a0\u00bb4.9.0&Prime; global_colors_info=\u00a0\u00bb{}\u00a0\u00bb]<\/p>\n<p><a title=\"ARTTIC Innovation GmbH\" href=\"https:\/\/www.thervacb.eu\/team\/arttic-innovation-gmbh\/\"><img loading=\"lazy\" decoding=\"async\" class=\"alignnone wp-image-4300 size-medium\" title=\"ARTTIC Innovation GmbH\" src=\"https:\/\/www.thervacb.eu\/wp-content\/uploads\/arttic-innovation.svg\" alt=\"ARTTIC Innovation GmbH\" width=\"200\" height=\"83\" \/><\/a><\/p>\n<p>[\/et_pb_map_pin_extended][\/et_pb_map_fullwidth_extended][\/et_pb_section][et_pb_section fb_built=\u00a0\u00bb1&Prime; _builder_version=\u00a0\u00bb4.3.1&Prime; da_disable_devices=\u00a0\u00bboff|off|off\u00a0\u00bb global_colors_info=\u00a0\u00bb{}\u00a0\u00bb da_is_popup=\u00a0\u00bboff\u00a0\u00bb da_exit_intent=\u00a0\u00bboff\u00a0\u00bb da_has_close=\u00a0\u00bbon\u00a0\u00bb da_alt_close=\u00a0\u00bboff\u00a0\u00bb da_dark_close=\u00a0\u00bboff\u00a0\u00bb da_not_modal=\u00a0\u00bbon\u00a0\u00bb da_is_singular=\u00a0\u00bboff\u00a0\u00bb da_with_loader=\u00a0\u00bboff\u00a0\u00bb da_has_shadow=\u00a0\u00bbon\u00a0\u00bb][et_pb_row column_structure=\u00a0\u00bb3_4,1_4&Prime; _builder_version=\u00a0\u00bb4.3.2&Prime; global_colors_info=\u00a0\u00bb{}\u00a0\u00bb][et_pb_column type=\u00a0\u00bb3_4&Prime; _builder_version=\u00a0\u00bb4.3.1&Prime; global_colors_info=\u00a0\u00bb{}\u00a0\u00bb][et_pb_text _builder_version=\u00a0\u00bb4.4.2&Prime; global_colors_info=\u00a0\u00bb{}\u00a0\u00bb]<\/p>\n<h1><strong>Fundaci\u00f3 Cl\u00ednic per a la Recerca Biom\u00e8dica <\/strong><\/h1>\n<h2><\/h2>\n<h2>Informations g\u00e9n\u00e9rales<\/h2>\n<p>L&rsquo;institut est une fondation priv\u00e9e \u00e0 but non lucratif fond\u00e9e en 1989 par l&rsquo;H\u00f4pital Cl\u00ednic de Barcelone (HCB) et l&rsquo;Universit\u00e9 de Barcelone. Sa mission principale est de fournir un soutien administratif aux chercheurs de HCB dans la gestion, le d\u00e9veloppement et la justification de son activit\u00e9 scientifique. Il a \u00e9galement pour mission d&rsquo;attirer des ressources pour la recherche et, par le biais de la plateforme Aula Cl\u00ednic et Eixample Cl\u00ednic, de promouvoir et de diffuser la formation continue en sciences de la sant\u00e9.<\/p>\n<p>Pour la r\u00e9alisation de ce projet, le FCRB dispose d&rsquo;un laboratoire situ\u00e9 dans le Centre Esther Koplowitz (CEK) \u00e0 quelques m\u00e8tres de l&rsquo;H\u00f4pital Clinique de Barcelone qui fait partie de l&rsquo;Institut de Recherche Biom\u00e9dicale August Pi i Sunyer (IDIBAPS).<strong> <\/strong>Cr\u00e9\u00e9 en 1996, IDIBAPS est un centre d&rsquo;excellence en recherche biom\u00e9dicale qui s&rsquo;int\u00e9resse aux maladies les plus courantes de notre environnement. Il s&rsquo;agit d&rsquo;un consortium public compos\u00e9 de la Generalitat de Catalunya, de la Cl\u00ednic Barcelona, de la Facult\u00e9 de M\u00e9decine et des Sciences de la Sant\u00e9 de l&rsquo;Universit\u00e9 de Barcelone et de l&rsquo;Institut de Recherche Biom\u00e9dicale du CSIC de Barcelone. IDIBAPS est un Centre CERCA. Elle repr\u00e9sente plus de 1 000 professionnels de la recherche organis\u00e9s en une centaine de groupes de recherche. Sa combinaison de recherche fondamentale et clinique permet un transfert plus efficace des avanc\u00e9es scientifiques obtenues en laboratoire vers les patients. Avec plus de 1 100 articles publi\u00e9s chaque ann\u00e9e, c&rsquo;est le principal centre de recherche biom\u00e9dicale d&rsquo;Espagne.<\/p>\n<p>[\/et_pb_text][\/et_pb_column][et_pb_column type=\u00a0\u00bb1_4&Prime; _builder_version=\u00a0\u00bb4.3.2&Prime; background_enable_color=\u00a0\u00bboff\u00a0\u00bb use_background_color_gradient=\u00a0\u00bbon\u00a0\u00bb background_color_gradient_start=\u00a0\u00bbrgba(0,0,0,0)\u00a0\u00bb background_color_gradient_end=\u00a0\u00bbrgba(92,189,217,0.25)\u00a0\u00bb background_enable_image=\u00a0\u00bboff\u00a0\u00bb background_size=\u00a0\u00bbinitial\u00a0\u00bb background_position=\u00a0\u00bbtop_left\u00a0\u00bb custom_padding=\u00a0\u00bb10px|10px|10px|10px|false|false\u00a0\u00bb border_radii=\u00a0\u00bbon|10px|10px|10px|10px\u00a0\u00bb border_width_all=\u00a0\u00bb2px\u00a0\u00bb border_color_all=\u00a0\u00bb#5cbdd9&Prime; global_colors_info=\u00a0\u00bb{}\u00a0\u00bb][et_pb_image src=\u00a0\u00bbhttps:\/\/www.thervacb.eu\/wp-content\/uploads\/clinic-barcelona-logo.png\u00a0\u00bb alt=\u00a0\u00bbClinique de Barcelone\u00a0\u00bb title_text=\u00a0\u00bbClinique de Barcelone\u00a0\u00bb _builder_version=\u00a0\u00bb4.3.4&Prime; global_colors_info=\u00a0\u00bb{}\u00a0\u00bb][\/et_pb_image][et_pb_text _builder_version=\u00a0\u00bb4.3.4&Prime; max_width=\u00a0\u00bb100%\u00a0\u00bb module_alignment=\u00a0\u00bbleft\u00a0\u00bb global_colors_info=\u00a0\u00bb{}\u00a0\u00bb]<\/p>\n<p><strong><\/strong><strong>Fundaci\u00f3 Cl\u00ednic per a la Recerca Biom\u00e8dica <\/strong><\/p>\n<p>Carrer Rossello 149<br \/>08036 Barcelone<br \/>Espagne<\/p>\n<p><a href=\"http:\/\/www.clinicbarcelona.org\" target=\"_blank\" rel=\"noopener noreferrer\" title=\"Clinique de Barcelone\">www.clinicbarcelona.org<\/a><\/p>\n<p>[\/et_pb_text][\/et_pb_column][\/et_pb_row][et_pb_row _builder_version=\u00a0\u00bb4.3.1&Prime; min_height=\u00a0\u00bb150px\u00a0\u00bb global_colors_info=\u00a0\u00bb{}\u00a0\u00bb][et_pb_column type=\u00a0\u00bb4_4&Prime; _builder_version=\u00a0\u00bb4.3.1&Prime; global_colors_info=\u00a0\u00bb{}\u00a0\u00bb][et_pb_text _builder_version=\u00a0\u00bb4.3.2&Prime; global_colors_info=\u00a0\u00bb{}\u00a0\u00bb]<\/p>\n<h2>Role in TherVacB<\/h2>\n<p>During the TherVac project, FCRB will be in charge of the establishment of an European registry of patients with chronic hepatitis B. In addition, FCRB will be participating in the TherVacB clinical trial development.<\/p>\n<p>&nbsp;<\/p>\n<p>[\/et_pb_text][\/et_pb_column][\/et_pb_row][et_pb_row _builder_version=\u00a0\u00bb4.3.2&Prime; min_height=\u00a0\u00bb611px\u00a0\u00bb custom_margin=\u00a0\u00bb-52px|auto||auto||\u00a0\u00bb global_colors_info=\u00a0\u00bb{}\u00a0\u00bb][et_pb_column type=\u00a0\u00bb4_4&Prime; _builder_version=\u00a0\u00bb4.3.2&Prime; global_colors_info=\u00a0\u00bb{}\u00a0\u00bb][et_pb_image src=\u00a0\u00bbhttps:\/\/www.thervacb.eu\/wp-content\/uploads\/IDIBABS_Xavier-Forns-Team.jpg\u00a0\u00bb _builder_version=\u00a0\u00bb4.3.2&Prime; border_radii=\u00a0\u00bbon|10px|10px|10px|10px\u00a0\u00bb global_colors_info=\u00a0\u00bb{}\u00a0\u00bb][\/et_pb_image][\/et_pb_column][\/et_pb_row][et_pb_row _builder_version=\u00a0\u00bb4.3.1&Prime; custom_padding=\u00a0\u00bb||0px|||\u00a0\u00bb global_colors_info=\u00a0\u00bb{}\u00a0\u00bb][et_pb_column type=\u00a0\u00bb4_4&Prime; _builder_version=\u00a0\u00bb4.3.1&Prime; global_colors_info=\u00a0\u00bb{}\u00a0\u00bb][et_pb_text _builder_version=\u00a0\u00bb4.3.1&Prime; global_colors_info=\u00a0\u00bb{}\u00a0\u00bb]<\/p>\n<h2>Personnel du projet<\/h2>\n<p>&nbsp;<\/p>\n<p>[\/et_pb_text][\/et_pb_column][\/et_pb_row][et_pb_row column_structure=\u00a0\u00bb1_3,1_3,1_3&Prime; make_equal=\u00a0\u00bbon\u00a0\u00bb _builder_version=\u00a0\u00bb4.3.2&Prime; custom_padding=\u00a0\u00bb0px|||||\u00a0\u00bb global_colors_info=\u00a0\u00bb{}\u00a0\u00bb][et_pb_column type=\u00a0\u00bb1_3&Prime; _builder_version=\u00a0\u00bb4.3.1&Prime; global_colors_info=\u00a0\u00bb{}\u00a0\u00bb][et_pb_team_member name=\u00a0\u00bbXavier Forns\u00a0\u00bb position=\u00a0\u00bbConsultant senior &amp;amp ; Chef de l&#039;unit\u00e9 H\u00e9patite virale\u00a0\u00bb module_class=\u00a0\u00bbnoimage\u00a0\u00bb _builder_version=\u00a0\u00bb4.4.2&Prime; header_text_align=\u00a0\u00bbcenter\u00a0\u00bb position_text_align=\u00a0\u00bbcenter\u00a0\u00bb position_line_height=\u00a0\u00bb2em\u00a0\u00bb text_orientation=\u00a0\u00bbleft\u00a0\u00bb custom_padding=\u00a0\u00bb20px|20px|20px|20px|false|false\u00a0\u00bb border_radii=\u00a0\u00bbon|10px|10px|10px|10px\u00a0\u00bb box_shadow_style=\u00a0\u00bbpreset1&Prime; global_colors_info=\u00a0\u00bb{}\u00a0\u00bb transform_styles__hover_enabled=\u00a0\u00bbon|hover\u00a0\u00bb transform_scale__hover_enabled=\u00a0\u00bbon|hover\u00a0\u00bb transform_translate__hover_enabled=\u00a0\u00bbon|desktop\u00a0\u00bb transform_rotate__hover_enabled=\u00a0\u00bbon|desktop\u00a0\u00bb transform_skew__hover_enabled=\u00a0\u00bbon|desktop\u00a0\u00bb transform_origin__hover_enabled=\u00a0\u00bbon|desktop\u00a0\u00bb transform_scale__hover=\u00a0\u00bb105%|105%\u00a0\u00bb custom_css_member_image_last_edited=\u00a0\u00bbon|desktop\u00a0\u00bb]<\/p>\n<p style=\"text-align: center;\">H\u00e9patologue ayant une grande exp\u00e9rience dans la prise en charge des patients atteints d&rsquo;h\u00e9patite virale avant et apr\u00e8s une transplantation h\u00e9patique et dans le d\u00e9veloppement d&rsquo;essais cliniques. Chercheur principal ayant une solide exp\u00e9rience dans le domaine de l&rsquo;h\u00e9patite virale, avec un int\u00e9r\u00eat particulier pour les facteurs viraux et les facteurs li\u00e9s \u00e0 l&rsquo;h\u00f4te pendant les diff\u00e9rentes phases de l&rsquo;infection chronique par l&rsquo;h\u00e9patite B.<\/p>\n<p>[\/et_pb_team_member][\/et_pb_column][et_pb_column type=\u00a0\u00bb1_3&Prime; _builder_version=\u00a0\u00bb4.3.2&Prime; global_colors_info=\u00a0\u00bb{}\u00a0\u00bb][et_pb_team_member name=\u00a0\u00bbSabela Lens\u00a0\u00bb position=\u00a0\u00bbSp\u00e9cialiste principal\u00a0\u00bb module_class=\u00a0\u00bbnoimage\u00a0\u00bb _builder_version=\u00a0\u00bb4.4.2&Prime; header_text_align=\u00a0\u00bbcenter\u00a0\u00bb position_text_align=\u00a0\u00bbcenter\u00a0\u00bb position_line_height=\u00a0\u00bb2em\u00a0\u00bb text_orientation=\u00a0\u00bbleft\u00a0\u00bb custom_padding=\u00a0\u00bb20px|20px|20px|20px|false|false\u00a0\u00bb border_radii=\u00a0\u00bbon|10px|10px|10px|10px\u00a0\u00bb box_shadow_style=\u00a0\u00bbpreset1&Prime; global_colors_info=\u00a0\u00bb{}\u00a0\u00bb transform_styles__hover_enabled=\u00a0\u00bbon|hover\u00a0\u00bb transform_scale__hover_enabled=\u00a0\u00bbon|hover\u00a0\u00bb transform_translate__hover_enabled=\u00a0\u00bbon|desktop\u00a0\u00bb transform_rotate__hover_enabled=\u00a0\u00bbon|desktop\u00a0\u00bb transform_skew__hover_enabled=\u00a0\u00bbon|desktop\u00a0\u00bb transform_origin__hover_enabled=\u00a0\u00bbon|desktop\u00a0\u00bb transform_scale__hover=\u00a0\u00bb105%|105%\u00a0\u00bb custom_css_member_image_last_edited=\u00a0\u00bbon|desktop\u00a0\u00bb]<\/p>\n<p style=\"text-align: center;\">Clinicien et chercheur dans le domaine de l&rsquo;h\u00e9patite virale, avec actuellement une attention particuli\u00e8re sur l&rsquo;interaction entre le virus et la r\u00e9ponse immunitaire chez les patients atteints d&rsquo;une infection chronique par l&rsquo;h\u00e9patite B. Chercheur principal dans plusieurs essais cliniques impliquant des patients atteints d&rsquo;h\u00e9patite virale.<\/p>\n<p>[\/et_pb_team_member][\/et_pb_column][et_pb_column type=\u00a0\u00bb1_3&Prime; _builder_version=\u00a0\u00bb4.3.1&Prime; global_colors_info=\u00a0\u00bb{}\u00a0\u00bb][et_pb_team_member name=\u00a0\u00bbZoe Mari\u00f1o\u00a0\u00bb position=\u00a0\u00bbSp\u00e9cialiste principal\u00a0\u00bb module_class=\u00a0\u00bbnoimage\u00a0\u00bb _builder_version=\u00a0\u00bb4.3.2&Prime; header_text_align=\u00a0\u00bbcenter\u00a0\u00bb position_text_align=\u00a0\u00bbcenter\u00a0\u00bb position_line_height=\u00a0\u00bb2em\u00a0\u00bb text_orientation=\u00a0\u00bbleft\u00a0\u00bb custom_padding=\u00a0\u00bb20px|20px|20px|20px|false|false\u00a0\u00bb border_radii=\u00a0\u00bbon|10px|10px|10px|10px\u00a0\u00bb box_shadow_style=\u00a0\u00bbpreset1&Prime; global_colors_info=\u00a0\u00bb{}\u00a0\u00bb transform_styles__hover_enabled=\u00a0\u00bbon|hover\u00a0\u00bb transform_scale__hover_enabled=\u00a0\u00bbon|hover\u00a0\u00bb transform_translate__hover_enabled=\u00a0\u00bbon|desktop\u00a0\u00bb transform_rotate__hover_enabled=\u00a0\u00bbon|desktop\u00a0\u00bb transform_skew__hover_enabled=\u00a0\u00bbon|desktop\u00a0\u00bb transform_origin__hover_enabled=\u00a0\u00bbon|desktop\u00a0\u00bb transform_scale__hover=\u00a0\u00bb105%|105%\u00a0\u00bb custom_css_member_image_last_edited=\u00a0\u00bbon|desktop\u00a0\u00bb]<\/p>\n<p style=\"text-align: center;\">Sp\u00e9cialiste en h\u00e9patologie ayant une grande exp\u00e9rience de la recherche clinique dans le domaine de l&rsquo;h\u00e9patite virale et de la transplantation du foie et chercheur principal dans les essais cliniques impliquant des patients atteints d&rsquo;h\u00e9patite virale.<\/p>\n<p>[\/et_pb_team_member][\/et_pb_column][\/et_pb_row][et_pb_row column_structure=\u00a0\u00bb1_3,1_3,1_3&Prime; make_equal=\u00a0\u00bbon\u00a0\u00bb _builder_version=\u00a0\u00bb4.9.0&Prime; custom_padding=\u00a0\u00bb0px|||||\u00a0\u00bb global_colors_info=\u00a0\u00bb{}\u00a0\u00bb][et_pb_column type=\u00a0\u00bb1_3&Prime; _builder_version=\u00a0\u00bb4.3.1&Prime; global_colors_info=\u00a0\u00bb{}\u00a0\u00bb][et_pb_team_member name=\u00a0\u00bbSof\u00eda P\u00e9rez-del-Pulgar\u00a0\u00bb position=\u00a0\u00bbAssoci\u00e9 de recherche\u00a0\u00bb module_class=\u00a0\u00bbnoimage\u00a0\u00bb _builder_version=\u00a0\u00bb4.9.0&Prime; header_text_align=\u00a0\u00bbcenter\u00a0\u00bb position_text_align=\u00a0\u00bbcenter\u00a0\u00bb position_line_height=\u00a0\u00bb2em\u00a0\u00bb text_orientation=\u00a0\u00bbleft\u00a0\u00bb custom_padding=\u00a0\u00bb20px|20px|20px|20px|false|false\u00a0\u00bb border_radii=\u00a0\u00bbon|10px|10px|10px|10px\u00a0\u00bb box_shadow_style=\u00a0\u00bbpreset1&Prime; global_colors_info=\u00a0\u00bb{}\u00a0\u00bb transform_styles__hover_enabled=\u00a0\u00bbon|hover\u00a0\u00bb transform_scale__hover_enabled=\u00a0\u00bbon|hover\u00a0\u00bb transform_translate__hover_enabled=\u00a0\u00bbon|desktop\u00a0\u00bb transform_rotate__hover_enabled=\u00a0\u00bbon|desktop\u00a0\u00bb transform_skew__hover_enabled=\u00a0\u00bbon|desktop\u00a0\u00bb transform_origin__hover_enabled=\u00a0\u00bbon|desktop\u00a0\u00bb transform_scale__hover=\u00a0\u00bb105%|105%\u00a0\u00bb custom_css_member_image_last_edited=\u00a0\u00bbon|desktop\u00a0\u00bb]<\/p>\n<p style=\"text-align: center;\">Chercheur biom\u00e9dical sp\u00e9cialis\u00e9 dans la recherche translationnelle dans le domaine des h\u00e9patites virales. Ses principaux int\u00e9r\u00eats de recherche sont la pertinence clinique de la persistance de l&rsquo;ADNc et des biomarqueurs de substitution pour la r\u00e9plication du VHB, et l&rsquo;impact des facteurs viraux et de l&rsquo;h\u00f4te dans la pathog\u00e9nie des infections par le VHB et le VHD.<\/p>\n<p>[\/et_pb_team_member][\/et_pb_column][et_pb_column type=\u00a0\u00bb1_3&Prime; _builder_version=\u00a0\u00bb4.3.1&Prime; global_colors_info=\u00a0\u00bb{}\u00a0\u00bb][et_pb_team_member name=\u00a0\u00bbConcepci\u00f3 Bartres\u00a0\u00bb position=\u00a0\u00bbInfirmi\u00e8re\u00a0\u00bb module_class=\u00a0\u00bbnoimage\u00a0\u00bb _builder_version=\u00a0\u00bb4.4.2&Prime; header_text_align=\u00a0\u00bbcenter\u00a0\u00bb position_text_align=\u00a0\u00bbcenter\u00a0\u00bb position_line_height=\u00a0\u00bb2em\u00a0\u00bb text_orientation=\u00a0\u00bbleft\u00a0\u00bb custom_padding=\u00a0\u00bb20px|20px|20px|20px|false|false\u00a0\u00bb border_radii=\u00a0\u00bbon|10px|10px|10px|10px\u00a0\u00bb box_shadow_style=\u00a0\u00bbpreset1&Prime; global_colors_info=\u00a0\u00bb{}\u00a0\u00bb transform_styles__hover_enabled=\u00a0\u00bbon|hover\u00a0\u00bb transform_scale__hover_enabled=\u00a0\u00bbon|hover\u00a0\u00bb transform_translate__hover_enabled=\u00a0\u00bbon|desktop\u00a0\u00bb transform_rotate__hover_enabled=\u00a0\u00bbon|desktop\u00a0\u00bb transform_skew__hover_enabled=\u00a0\u00bbon|desktop\u00a0\u00bb transform_origin__hover_enabled=\u00a0\u00bbon|desktop\u00a0\u00bb transform_scale__hover=\u00a0\u00bb105%|105%\u00a0\u00bb custom_css_member_image_last_edited=\u00a0\u00bbon|desktop\u00a0\u00bb]<\/p>\n<p style=\"text-align: center;\">Infirmi\u00e8re sp\u00e9cialis\u00e9e en h\u00e9patologie ayant une grande exp\u00e9rience dans les soins aux patients atteints d&rsquo;h\u00e9patite virale et dans les essais cliniques sur le terrain.<\/p>\n<p>[\/et_pb_team_member][\/et_pb_column][et_pb_column type=\u00a0\u00bb1_3&Prime; _builder_version=\u00a0\u00bb4.3.2&Prime; global_colors_info=\u00a0\u00bb{}\u00a0\u00bb][et_pb_team_member name=\u00a0\u00bbAnna Miralpeix\u00a0\u00bb position=\u00a0\u00bbInfirmi\u00e8re\u00a0\u00bb module_class=\u00a0\u00bbnoimage\u00a0\u00bb _builder_version=\u00a0\u00bb4.4.2&Prime; header_text_align=\u00a0\u00bbcenter\u00a0\u00bb position_text_align=\u00a0\u00bbcenter\u00a0\u00bb position_line_height=\u00a0\u00bb2em\u00a0\u00bb text_orientation=\u00a0\u00bbleft\u00a0\u00bb custom_padding=\u00a0\u00bb20px|20px|20px|20px|false|false\u00a0\u00bb border_radii=\u00a0\u00bbon|10px|10px|10px|10px\u00a0\u00bb box_shadow_style=\u00a0\u00bbpreset1&Prime; global_colors_info=\u00a0\u00bb{}\u00a0\u00bb transform_styles__hover_enabled=\u00a0\u00bbon|hover\u00a0\u00bb transform_scale__hover_enabled=\u00a0\u00bbon|hover\u00a0\u00bb transform_translate__hover_enabled=\u00a0\u00bbon|desktop\u00a0\u00bb transform_rotate__hover_enabled=\u00a0\u00bbon|desktop\u00a0\u00bb transform_skew__hover_enabled=\u00a0\u00bbon|desktop\u00a0\u00bb transform_origin__hover_enabled=\u00a0\u00bbon|desktop\u00a0\u00bb transform_scale__hover=\u00a0\u00bb105%|105%\u00a0\u00bb custom_css_member_image_last_edited=\u00a0\u00bbon|desktop\u00a0\u00bb]<\/p>\n<p style=\"text-align: center;\">Infirmi\u00e8re sp\u00e9cialis\u00e9e en h\u00e9patologie ayant une grande exp\u00e9rience dans les soins aux patients atteints d&rsquo;h\u00e9patite virale et dans les essais cliniques sur le terrain.<\/p>\n<p>[\/et_pb_team_member][\/et_pb_column][\/et_pb_row][\/et_pb_section]<\/p>\n","protected":false},"excerpt":{"rendered":"<p>Fundaci\u00f3 Cl\u00ednic per a la Recerca Biom\u00e8dica Informations g\u00e9n\u00e9rales L&rsquo;institut est une fondation priv\u00e9e \u00e0 but non lucratif fond\u00e9e en 1989 par l&rsquo;H\u00f4pital Cl\u00ednic de Barcelone (HCB) et l&rsquo;Universit\u00e9 de Barcelone. Sa mission principale est de fournir un soutien administratif aux chercheurs de HCB dans la gestion, le d\u00e9veloppement et la justification de son activit\u00e9 [&hellip;]<\/p>\n","protected":false},"author":4,"featured_media":0,"parent":3105,"menu_order":6,"comment_status":"closed","ping_status":"closed","template":"","meta":{"_et_pb_use_builder":"on","_et_pb_old_content":"","_et_gb_content_width":"","_monsterinsights_skip_tracking":false,"_monsterinsights_sitenote_active":false,"_monsterinsights_sitenote_note":"","_monsterinsights_sitenote_category":0,"footnotes":"","_links_to":"","_links_to_target":""},"class_list":["post-3204","page","type-page","status-publish","hentry"],"aioseo_notices":[],"_links":{"self":[{"href":"https:\/\/www.thervacb.eu\/fr\/wp-json\/wp\/v2\/pages\/3204","targetHints":{"allow":["GET"]}}],"collection":[{"href":"https:\/\/www.thervacb.eu\/fr\/wp-json\/wp\/v2\/pages"}],"about":[{"href":"https:\/\/www.thervacb.eu\/fr\/wp-json\/wp\/v2\/types\/page"}],"author":[{"embeddable":true,"href":"https:\/\/www.thervacb.eu\/fr\/wp-json\/wp\/v2\/users\/4"}],"replies":[{"embeddable":true,"href":"https:\/\/www.thervacb.eu\/fr\/wp-json\/wp\/v2\/comments?post=3204"}],"version-history":[{"count":2,"href":"https:\/\/www.thervacb.eu\/fr\/wp-json\/wp\/v2\/pages\/3204\/revisions"}],"predecessor-version":[{"id":12812,"href":"https:\/\/www.thervacb.eu\/fr\/wp-json\/wp\/v2\/pages\/3204\/revisions\/12812"}],"up":[{"embeddable":true,"href":"https:\/\/www.thervacb.eu\/fr\/wp-json\/wp\/v2\/pages\/3105"}],"wp:attachment":[{"href":"https:\/\/www.thervacb.eu\/fr\/wp-json\/wp\/v2\/media?parent=3204"}],"curies":[{"name":"wp","href":"https:\/\/api.w.org\/{rel}","templated":true}]}}