{"id":3248,"date":"2021-02-08T08:34:49","date_gmt":"2021-02-08T08:34:49","guid":{"rendered":"https:\/\/www.thervacb.eu\/equipe\/partenaire-tum-med\/"},"modified":"2025-06-16T10:47:40","modified_gmt":"2025-06-16T09:47:40","slug":"partenaire-tum-med","status":"publish","type":"page","link":"https:\/\/www.thervacb.eu\/fr\/equipe\/partenaire-tum-med\/","title":{"rendered":"Partenaire TUM-Med"},"content":{"rendered":"<p>[et_pb_section fb_built=\u00a0\u00bb1&Prime; fullwidth=\u00a0\u00bbon\u00a0\u00bb admin_label=\u00a0\u00bbMap\u00a0\u00bb _builder_version=\u00a0\u00bb4.9.0&Prime; da_disable_devices=\u00a0\u00bboff|off|off\u00a0\u00bb global_module=\u00a0\u00bb539&Prime; saved_tabs=\u00a0\u00bball\u00a0\u00bb global_colors_info=\u00a0\u00bb{}\u00a0\u00bb da_is_popup=\u00a0\u00bboff\u00a0\u00bb da_exit_intent=\u00a0\u00bboff\u00a0\u00bb da_has_close=\u00a0\u00bbon\u00a0\u00bb da_alt_close=\u00a0\u00bboff\u00a0\u00bb da_dark_close=\u00a0\u00bboff\u00a0\u00bb da_not_modal=\u00a0\u00bbon\u00a0\u00bb da_is_singular=\u00a0\u00bboff\u00a0\u00bb da_with_loader=\u00a0\u00bboff\u00a0\u00bb da_has_shadow=\u00a0\u00bbon\u00a0\u00bb][et_pb_map_fullwidth_extended address=\u00a0\u00bbParis, France\u00a0\u00bb zoom_level=\u00a0\u00bb2&Prime; address_lat=\u00a0\u00bb43.762201679538&Prime; address_lng=\u00a0\u00bb5.1647219&Prime; mobile_dragging=\u00a0\u00bboff\u00a0\u00bb map_type_control_position=\u00a0\u00bbLEFT_CENTER\u00a0\u00bb streetview_control_position=\u00a0\u00bbLEFT_BOTTOM\u00a0\u00bb info_window_width=\u00a0\u00bb300px\u00a0\u00bb map_type=\u00a0\u00bb2&Prime; _builder_version=\u00a0\u00bb4.11.3&Prime; title_text_color=\u00a0\u00bb#1c9080&Prime; title_font_size=\u00a0\u00bb24px\u00a0\u00bb content_text_color=\u00a0\u00bb#666666&Prime; content_font_size=\u00a0\u00bb18px\u00a0\u00bb global_colors_info=\u00a0\u00bb{}\u00a0\u00bb][et_pb_map_pin_extended title=\u00a0\u00bbLMU\u00a0\u00bb pin_address=\u00a0\u00bbGESCHWISTER SCHOLL PLATZ 1, 80539 M\u00fcnchen,\u00a0\u00bb pin_address_lat=\u00a0\u00bb48.1540685&Prime; pin_address_lng=\u00a0\u00bb11.5823284&Prime; pin_fill_color=\u00a0\u00bb#2d788c\u00a0\u00bb pin_stroke_color=\u00a0\u00bb#06423a\u00a0\u00bb pin_circle_color=\u00a0\u00bb#ffffff\u00a0\u00bb _builder_version=\u00a0\u00bb4.9.0&Prime; global_colors_info=\u00a0\u00bb{}\u00a0\u00bb]<\/p>\n<p><a title=\"LMU\" href=\"https:\/\/www.thervacb.eu\/zh-hans\/%e7%90%83%e9%98%9f\/%e4%bc%99%e4%bc%b4lmu\/\"><img loading=\"lazy\" decoding=\"async\" class=\"wp-image-763 size-full\" src=\"https:\/\/www.thervacb.eu\/wp-content\/uploads\/lmu-logo.png\" alt=\"LMU\" width=\"204\" height=\"57\"><\/a><\/p>\n<p>[\/et_pb_map_pin_extended][et_pb_map_pin_extended title=\u00a0\u00bbCTC North\u00a0\u00bb pin_address=\u00a0\u00bbMartinistra\u00dfe 64, 20251 Hamburg, Deutschland\u00a0\u00bb pin_address_lat=\u00a0\u00bb53.5898297&Prime; pin_address_lng=\u00a0\u00bb9.9736084&Prime; pin_fill_color=\u00a0\u00bb#2d788c\u00a0\u00bb pin_stroke_color=\u00a0\u00bb#06423a\u00a0\u00bb pin_circle_color=\u00a0\u00bb#ffffff\u00a0\u00bb _builder_version=\u00a0\u00bb4.11.3&Prime; global_colors_info=\u00a0\u00bb{}\u00a0\u00bb]<\/p>\n<p><a href=\"https:\/\/www.thervacb.eu\/zh-hans\/%e7%90%83%e9%98%9f\/\" title=\"CTC North\"><img loading=\"lazy\" decoding=\"async\" src=\"https:\/\/www.thervacb.eu\/wp-content\/uploads\/ctc-north-an-agenus-company-400x103.png\" width=\"200\" height=\"52\" alt=\"CTC North\"  title=\"CTC North\" class=\"wp-image-9683 size-medium\" srcset=\"https:\/\/www.thervacb.eu\/wp-content\/uploads\/ctc-north-an-agenus-company-400x105.png 400w, https:\/\/www.thervacb.eu\/wp-content\/uploads\/ctc-north-an-agenus-company.png 406w\" sizes=\"auto, (max-width: 200px) 100vw, 200px\" \/><\/a><\/p>\n<p>[\/et_pb_map_pin_extended][et_pb_map_pin_extended title=\u00a0\u00bb\u751f\u7269\u533b\u5b66\u57fa\u91d1\u4f1a\u00a0\u00bb pin_address=\u00a0\u00bbCarrer del Rossell\u00f3, 149, 08036 Barcelona, Spanien\u00a0\u00bb pin_address_lat=\u00a0\u00bb41.3885899&Prime; pin_address_lng=\u00a0\u00bb2.1508862&Prime; pin_fill_color=\u00a0\u00bb#2d788c\u00a0\u00bb pin_stroke_color=\u00a0\u00bb#06423a\u00a0\u00bb pin_circle_color=\u00a0\u00bb#ffffff\u00a0\u00bb _builder_version=\u00a0\u00bb4.4.2&Prime; global_colors_info=\u00a0\u00bb{}\u00a0\u00bb]<\/p>\n<p><a href=\"https:\/\/www.thervacb.eu\/zh-hans\/%e7%90%83%e9%98%9f\/%e5%90%88%e4%bd%9c%e4%bc%99%e4%bc%b4fcrb\/\" title=\"\u5df4\u585e\u7f57\u90a3\u8bca\u6240\"><img loading=\"lazy\" decoding=\"async\" src=\"https:\/\/www.thervacb.eu\/wp-content\/uploads\/clinic-barcelona-logo.png\" alt=\"\u5df4\u585e\u7f57\u90a3\u8bca\u6240\" class=\"wp-image-758 size-full\" width=\"200\" height=\"126\"><\/a><\/p>\n<p>[\/et_pb_map_pin_extended][et_pb_map_pin_extended title=\u00a0\u00bb\u4ea5\u59c6\u970d\u5179Zentrum\u6155\u5c3c\u9ed1\u00a0\u00bb pin_address=\u00a0\u00bbIngolst\u00e4dter Landstra\u00dfe 1, 85764 Oberschlei\u00dfheim, Deutschland\u00a0\u00bb pin_address_lat=\u00a0\u00bb48.2208172&Prime; pin_address_lng=\u00a0\u00bb11.5871674&Prime; pin_fill_color=\u00a0\u00bb#2d788c\u00a0\u00bb pin_stroke_color=\u00a0\u00bb#06423a\u00a0\u00bb pin_circle_color=\u00a0\u00bb#ffffff\u00a0\u00bb _builder_version=\u00a0\u00bb4.4.1&Prime; global_colors_info=\u00a0\u00bb{}\u00a0\u00bb]<\/p>\n<p><a href=\"https:\/\/www.thervacb.eu\/zh-hans\/%e7%90%83%e9%98%9f\/hmgu%e5%90%88%e4%bc%99%e4%ba%ba\/\" title=\"\u4ea5\u59c6\u970d\u5179Zentrum\u6155\u5c3c\u9ed1\"><img loading=\"lazy\" decoding=\"async\" src=\"https:\/\/www.thervacb.eu\/wp-content\/uploads\/helmholzzentrum-logo.png\" alt=\"\u4ea5\u59c6\u970d\u5179Zentrum\u6155\u5c3c\u9ed1\" class=\"wp-image-760 size-full\" width=\"236\" height=\"50\"><\/a><\/p>\n<p>[\/et_pb_map_pin_extended][et_pb_map_pin_extended title=\u00a0\u00bbHelmholtz Zentrumf\u00fcrInfektionsforschung GmbH\u00a0\u00bb pin_address=\u00a0\u00bbInhoffenstra\u00dfe 7, 38124 Braunschweig, Deutschland\u00a0\u00bb pin_address_lat=\u00a0\u00bb52.2109803&Prime; pin_address_lng=\u00a0\u00bb10.5314925&Prime; pin_fill_color=\u00a0\u00bb#2d788c\u00a0\u00bb pin_stroke_color=\u00a0\u00bb#06423a\u00a0\u00bb pin_circle_color=\u00a0\u00bb#ffffff\u00a0\u00bb _builder_version=\u00a0\u00bb4.4.2&Prime; global_colors_info=\u00a0\u00bb{}\u00a0\u00bb]<a href=\"https:\/\/www.thervacb.eu\/zh-hans\/%e7%90%83%e9%98%9f\/%e5%90%88%e4%bc%99%e4%ba%ba\/\" title=\"Helmholtz-Zentrumf\u00fcrInfektionsforschung GmbH\uff08HZI\uff09\"><img loading=\"lazy\" decoding=\"async\" src=\"https:\/\/www.thervacb.eu\/wp-content\/uploads\/hzi-logo-400x133.png\" alt=\"\" class=\"wp-image-525 alignleft size-medium\" width=\"200\" height=\"66\" srcset=\"https:\/\/www.thervacb.eu\/wp-content\/uploads\/hzi-logo-400x133.png 400w, https:\/\/www.thervacb.eu\/wp-content\/uploads\/hzi-logo.png 406w\" sizes=\"auto, (max-width: 200px) 100vw, 200px\" \/><\/a>[\/et_pb_map_pin_extended][et_pb_map_pin_extended title=\u00a0\u00bbMedizinische Hochschule Hannover\u00a0\u00bb pin_address=\u00a0\u00bbCarl-Neuberg-Stra\u00dfe 1, 30625 Hannover, Deutschland\u00a0\u00bb pin_address_lat=\u00a0\u00bb52.3834749&Prime; pin_address_lng=\u00a0\u00bb9.8047999&Prime; pin_fill_color=\u00a0\u00bb#2d788c\u00a0\u00bb pin_stroke_color=\u00a0\u00bb#06423a\u00a0\u00bb pin_circle_color=\u00a0\u00bb#ffffff\u00a0\u00bb _builder_version=\u00a0\u00bb4.4.1&Prime; global_colors_info=\u00a0\u00bb{}\u00a0\u00bb]<\/p>\n<p><a href=\"https:\/\/www.thervacb.eu\/zh-hans\/%e7%90%83%e9%98%9f\/mhh%e5%90%88%e4%bd%9c%e4%bc%99%e4%bc%b4\/\" title=\"Medizinische Hochschule Hannover\"><img loading=\"lazy\" decoding=\"async\" src=\"https:\/\/www.thervacb.eu\/wp-content\/uploads\/mhh-logo.png\" alt=\"MHH\" class=\"wp-image-765 size-full\" width=\"220\" height=\"38\"><\/a><\/p>\n<p>[\/et_pb_map_pin_extended][et_pb_map_pin_extended title=\u00a0\u00bb NIMR-\u59c6\u8d1d\u4e9a\u533b\u5b66\u7814\u7a76\u4e2d\u5fc3\u00a0\u00bb pin_address=\u00a0\u00bbHospital Hill Rd, Mbeya, Tansania\u00a0\u00bb pin_address_lat=\u00a0\u00bb-8.8892372&Prime; pin_address_lng=\u00a0\u00bb33.4397813&Prime; pin_fill_color=\u00a0\u00bb#2d788c\u00a0\u00bb pin_stroke_color=\u00a0\u00bb#06423a\u00a0\u00bb pin_circle_color=\u00a0\u00bb#ffffff\u00a0\u00bb _builder_version=\u00a0\u00bb4.4.1&Prime; global_colors_info=\u00a0\u00bb{}\u00a0\u00bb]<\/p>\n<p><a href=\"https:\/\/www.thervacb.eu\/zh-hans\/%e7%90%83%e9%98%9f\/nimr%e5%90%88%e4%bd%9c%e4%bc%99%e4%bc%b4\/\" title=\" NIMR-\u59c6\u8d1d\u4e9a\u533b\u5b66\u7814\u7a76\u4e2d\u5fc3\"><img loading=\"lazy\" decoding=\"async\" src=\"https:\/\/www.thervacb.eu\/wp-content\/uploads\/nimr-mmrc-logo-g.png\" alt=\"\u56fd\u7acb\u533b\u5b66\u7814\u7a76\u6240\" class=\"wp-image-600 size-full\" width=\"200\" height=\"200\" srcset=\"https:\/\/www.thervacb.eu\/wp-content\/uploads\/nimr-mmrc-logo-g.png 200w, https:\/\/www.thervacb.eu\/wp-content\/uploads\/nimr-mmrc-logo-g-150x150.png 150w\" sizes=\"auto, (max-width: 200px) 100vw, 200px\" \/><\/a><\/p>\n<p>[\/et_pb_map_pin_extended][et_pb_map_pin_extended title=\u00a0\u00bbTechnische Universit\u00e4t M\u00fcnchen\u00a0\u00bb pin_address=\u00a0\u00bbArcisstra\u00dfe 21, 80333 M\u00fcnchen, Deutschland\u00a0\u00bb pin_address_lat=\u00a0\u00bb48.1486686&Prime; pin_address_lng=\u00a0\u00bb11.5685941&Prime; pin_fill_color=\u00a0\u00bb#2d788c\u00a0\u00bb pin_stroke_color=\u00a0\u00bb#06423a\u00a0\u00bb pin_circle_color=\u00a0\u00bb#ffffff\u00a0\u00bb _builder_version=\u00a0\u00bb4.4.1&Prime; global_colors_info=\u00a0\u00bb{}\u00a0\u00bb]<\/p>\n<p><a href=\"https:\/\/www.thervacb.eu\/zh-hans\/%e7%90%83%e9%98%9f\/%e5%90%88%e4%bc%99%e4%ba%ba-2\/\" title=\"Technische Universit\u00e4t M\u00fcnchen\"><img loading=\"lazy\" decoding=\"async\" src=\"https:\/\/www.thervacb.eu\/wp-content\/uploads\/tum-logo.png\" alt=\"\u6c64\u59c6\" class=\"wp-image-768 size-full\" width=\"200\" height=\"67\"><\/a> <\/p>\n<p>[\/et_pb_map_pin_extended][et_pb_map_pin_extended title=\u00a0\u00bb\u4f26\u6566\u5927\u5b66\u5b66\u9662\u00a0\u00bb pin_address=\u00a0\u00bbGOWER STREET, WC1E 6BT London\u00a0\u00bb pin_address_lat=\u00a0\u00bb51.5233687&Prime; pin_address_lng=\u00a0\u00bb-0.135766&Prime; pin_fill_color=\u00a0\u00bb#2d788c\u00a0\u00bb pin_stroke_color=\u00a0\u00bb#06423a\u00a0\u00bb pin_circle_color=\u00a0\u00bb#ffffff\u00a0\u00bb _builder_version=\u00a0\u00bb4.4.3&Prime; global_colors_info=\u00a0\u00bb{}\u00a0\u00bb]<\/p>\n<p><a href=\"https:\/\/www.thervacb.eu\/zh-hans\/%e7%90%83%e9%98%9f\/%e5%90%88%e4%bd%9c%e4%bc%99%e4%bc%b4ucl\/\" title=\"\u4f26\u6566\u5927\u5b66\u5b66\u9662\"><img loading=\"lazy\" decoding=\"async\" src=\"https:\/\/www.thervacb.eu\/wp-content\/uploads\/ucl-logo.png\" alt=\"UCL\" class=\"wp-image-770 size-full\" width=\"200\" height=\"59\"><\/a><\/p>\n<p>[\/et_pb_map_pin_extended][et_pb_map_pin_extended title=\u00a0\u00bbARTTIC SAS\u00a0\u00bb pin_address=\u00a0\u00bb58a Rue du Dessous des Berges, 75013 Paris, Frankreich\u00a0\u00bb pin_address_lat=\u00a0\u00bb48.827405&Prime; pin_address_lng=\u00a0\u00bb2.3743052&Prime; pin_fill_color=\u00a0\u00bb#2d788c\u00a0\u00bb pin_stroke_color=\u00a0\u00bb#06423a\u00a0\u00bb pin_circle_color=\u00a0\u00bb#ffffff\u00a0\u00bb _builder_version=\u00a0\u00bb4.4.1&Prime; global_colors_info=\u00a0\u00bb{}\u00a0\u00bb]<\/p>\n<p><a href=\"https:\/\/www.thervacb.eu\/zh-hans\/%e7%90%83%e9%98%9f\/arttic\/\" title=\"ARTTIC\"><img loading=\"lazy\" decoding=\"async\" src=\"https:\/\/www.thervacb.eu\/wp-content\/uploads\/arttic-logo-400x200.png\" alt=\"\" class=\"wp-image-524 alignleft size-medium\" width=\"200\" height=\"100\" srcset=\"https:\/\/www.thervacb.eu\/wp-content\/uploads\/arttic-logo-400x200.png 400w, https:\/\/www.thervacb.eu\/wp-content\/uploads\/arttic-logo.png 406w\" sizes=\"auto, (max-width: 200px) 100vw, 200px\" \/><\/a><\/p>\n<p>[\/et_pb_map_pin_extended][et_pb_map_pin_extended title=\u00a0\u00bb\u6155\u5c3c\u9ed1\u5de5\u4e1a\u5927\u5b66\u4f0a\u5229\u8bfa\u4f0a\u5dde\u7acb\u5927\u5b66\u00a0\u00bb pin_address=\u00a0\u00bbH\u00f6rsaal A, Klinikum rechts der Isar, Ismaninger Str. 22, 81675 M\u00fcnchen, Deutschland\u00a0\u00bb pin_address_lat=\u00a0\u00bb48.1360041&Prime; pin_address_lng=\u00a0\u00bb11.5997829&Prime; pin_fill_color=\u00a0\u00bb#2d788c\u00a0\u00bb pin_stroke_color=\u00a0\u00bb#06423a\u00a0\u00bb pin_circle_color=\u00a0\u00bb#ffffff\u00a0\u00bb _builder_version=\u00a0\u00bb4.4.1&Prime; global_colors_info=\u00a0\u00bb{}\u00a0\u00bb]<\/p>\n<p><a href=\"https:\/\/www.thervacb.eu\/zh-hans\/%e7%90%83%e9%98%9f\/%e5%90%88%e4%bc%99%e4%ba%batum-med\/\"><img loading=\"lazy\" decoding=\"async\" src=\"https:\/\/www.thervacb.eu\/wp-content\/uploads\/logo-mri-tum-400x118.png\" alt=\"\" class=\"wp-image-521 aligncenter size-medium\" style=\"float: left\" width=\"200\" height=\"59\" srcset=\"https:\/\/www.thervacb.eu\/wp-content\/uploads\/logo-mri-tum-400x120.png 400w, https:\/\/www.thervacb.eu\/wp-content\/uploads\/logo-mri-tum.png 406w\" sizes=\"auto, (max-width: 200px) 100vw, 200px\" \/><\/a><\/p>\n<p>[\/et_pb_map_pin_extended][et_pb_map_pin_extended title=\u00a0\u00bb\u6c49\u5821\u57c3\u5f6d\u591a\u592b\u5927\u5b66 \u00a0\u00bb pin_address=\u00a0\u00bbMartinistra\u00dfe 52, 20251 Hamburg, Deutschland\u00a0\u00bb pin_address_lat=\u00a0\u00bb53.5902421&Prime; pin_address_lng=\u00a0\u00bb9.9785922&Prime; pin_fill_color=\u00a0\u00bb#2d788c\u00a0\u00bb pin_stroke_color=\u00a0\u00bb#06423a\u00a0\u00bb pin_circle_color=\u00a0\u00bb#ffffff\u00a0\u00bb _builder_version=\u00a0\u00bb4.4.1&Prime; global_colors_info=\u00a0\u00bb{}\u00a0\u00bb]<\/p>\n<p><a href=\"https:\/\/www.thervacb.eu\/zh-hans\/%e7%90%83%e9%98%9f\/%e5%90%88%e4%bc%99%e4%ba%bauke\/\" title=\"\u6c49\u5821\u57c3\u5f6d\u591a\u592b\u5927\u5b66\u533b\u5b66\u4e2d\u5fc3\uff0c\u4e00\u3002\u5185\u79d1\"><img loading=\"lazy\" decoding=\"async\" src=\"https:\/\/www.thervacb.eu\/wp-content\/uploads\/uke-hamburg.png\" alt=\"\u6c49\u5821\u57c3\u5f6d\u591a\u592b\u5927\u5b66\u533b\u5b66\u4e2d\u5fc3\uff0c\u4e00\u3002\u5185\u79d1\" title=\"\u6c49\u5821\u57c3\u5f6d\u591a\u592b\u5927\u5b66\u533b\u5b66\u4e2d\u5fc3\uff0c\u4e00\u3002\u5185\u79d1\" class=\"wp-image-1057 aligncenter size-full\" style=\"float: left\" width=\"195\" height=\"169\"><\/a><\/p>\n<p>[\/et_pb_map_pin_extended][et_pb_map_pin_extended title=\u00a0\u00bb\u5e15\u5c14\u9a6c\u5927\u5b66\u7814\u7a76\u5927\u5b66\u00a0\u00bb pin_address=\u00a0\u00bbStr. dell&rsquo;Universit\u00e0, 12, 43121 Parma PR, Italien\u00a0\u00bb pin_address_lat=\u00a0\u00bb44.8012357&Prime; pin_address_lng=\u00a0\u00bb10.3255389&Prime; pin_fill_color=\u00a0\u00bb#2d788c\u00a0\u00bb pin_stroke_color=\u00a0\u00bb#06423a\u00a0\u00bb pin_circle_color=\u00a0\u00bb#ffffff\u00a0\u00bb _builder_version=\u00a0\u00bb4.4.1&Prime; global_colors_info=\u00a0\u00bb{}\u00a0\u00bb]<a href=\"https:\/\/www.thervacb.eu\/team\/partner-aop-new\/\"><img loading=\"lazy\" decoding=\"async\" class=\"wp-image-520 aligncenter size-medium\" src=\"https:\/\/www.thervacb.eu\/wp-content\/uploads\/logo-azienda-ospedaliero-universitaria-di-parma-1-400x82.png\" alt=\"\" width=\"200\" height=\"41\" srcset=\"https:\/\/www.thervacb.eu\/wp-content\/uploads\/logo-azienda-ospedaliero-universitaria-di-parma-1-400x83.png 400w, https:\/\/www.thervacb.eu\/wp-content\/uploads\/logo-azienda-ospedaliero-universitaria-di-parma-1.png 406w\" sizes=\"auto, (max-width: 200px) 100vw, 200px\" \/><\/a>[\/et_pb_map_pin_extended][et_pb_map_pin_extended title=\u00a0\u00bb\u83b1\u6bd4\u9521\u5927\u5b66\u00a0\u00bb pin_address=\u00a0\u00bbRitterstra\u00dfe 26, 04109 Leipzig, Deutschland\u00a0\u00bb pin_address_lat=\u00a0\u00bb51.3412809&Prime; pin_address_lng=\u00a0\u00bb12.3802676&Prime; pin_fill_color=\u00a0\u00bb#2d788c\u00a0\u00bb pin_stroke_color=\u00a0\u00bb#06423a\u00a0\u00bb pin_circle_color=\u00a0\u00bb#ffffff\u00a0\u00bb _builder_version=\u00a0\u00bb4.3.4&Prime; global_colors_info=\u00a0\u00bb{}\u00a0\u00bb][\/et_pb_map_pin_extended][et_pb_map_pin_extended title=\u00a0\u00bbBarts Health NHS\u4fe1\u6258\u00a0\u00bb pin_address=\u00a0\u00bbCo-operative Bank Plc, 9 Prescot St, Whitechapel, London E1 8AZ, Vereinigtes K\u00f6nigreich\u00a0\u00bb zoom_level=\u00a0\u00bb5&Prime; pin_address_lat=\u00a0\u00bb51.5115034&Prime; pin_address_lng=\u00a0\u00bb-0.0706499&Prime; pin_fill_color=\u00a0\u00bb#2d788c\u00a0\u00bb pin_stroke_color=\u00a0\u00bb#06423a\u00a0\u00bb pin_circle_color=\u00a0\u00bb#ffffff\u00a0\u00bb _builder_version=\u00a0\u00bb4.9.0&Prime; global_colors_info=\u00a0\u00bb{}\u00a0\u00bb][\/et_pb_map_pin_extended][et_pb_map_pin_extended title=\u00a0\u00bbRoyal Free London NHS Foundation Trust\u00a0\u00bb pin_address=\u00a0\u00bbPond St, Hampstead, London NW3 2QG, Vereinigtes K\u00f6nigreich\u00a0\u00bb pin_address_lat=\u00a0\u00bb51.5537706&Prime; pin_address_lng=\u00a0\u00bb-0.1672142&Prime; pin_fill_color=\u00a0\u00bb#2d788c\u00a0\u00bb pin_stroke_color=\u00a0\u00bb#06423a\u00a0\u00bb pin_circle_color=\u00a0\u00bb#ffffff\u00a0\u00bb _builder_version=\u00a0\u00bb4.3.4&Prime; global_colors_info=\u00a0\u00bb{}\u00a0\u00bb][\/et_pb_map_pin_extended][et_pb_map_pin_extended title=\u00a0\u00bbARTTIC\u521b\u65b0\u6709\u9650\u516c\u53f8\u00a0\u00bb pin_address=\u00a0\u00bbOskar-von-Miller-Ring 29, 80333 M\u00fcnchen, Germany\u00a0\u00bb pin_address_lat=\u00a0\u00bb48.1459821&Prime; pin_address_lng=\u00a0\u00bb11.5760781&Prime; pin_fill_color=\u00a0\u00bb#2d788c\u00a0\u00bb pin_stroke_color=\u00a0\u00bb#06423a\u00a0\u00bb pin_circle_color=\u00a0\u00bb#ffffff\u00a0\u00bb _builder_version=\u00a0\u00bb4.9.0&Prime; global_colors_info=\u00a0\u00bb{}\u00a0\u00bb]<\/p>\n<p><a title=\"ARTTIC\u521b\u65b0\u6709\u9650\u516c\u53f8\" href=\"https:\/\/www.thervacb.eu\/zh-hans\/%e7%90%83%e9%98%9f\/arttic%e5%88%9b%e6%96%b0%e6%9c%89%e9%99%90%e5%85%ac%e5%8f%b8\/\"><img loading=\"lazy\" decoding=\"async\" class=\"alignnone wp-image-4300 size-medium\" title=\"ARTTIC\u521b\u65b0\u6709\u9650\u516c\u53f8\" src=\"https:\/\/www.thervacb.eu\/wp-content\/uploads\/arttic-innovation.svg\" alt=\"ARTTIC\u521b\u65b0\u6709\u9650\u516c\u53f8\" width=\"200\" height=\"83\"><\/a><\/p>\n<p>[\/et_pb_map_pin_extended][\/et_pb_map_fullwidth_extended][\/et_pb_section][et_pb_section fb_built=\u00a0\u00bb1&Prime; _builder_version=\u00a0\u00bb4.3.1&Prime; da_disable_devices=\u00a0\u00bboff|off|off\u00a0\u00bb global_colors_info=\u00a0\u00bb{}\u00a0\u00bb da_is_popup=\u00a0\u00bboff\u00a0\u00bb da_exit_intent=\u00a0\u00bboff\u00a0\u00bb da_has_close=\u00a0\u00bbon\u00a0\u00bb da_alt_close=\u00a0\u00bboff\u00a0\u00bb da_dark_close=\u00a0\u00bboff\u00a0\u00bb da_not_modal=\u00a0\u00bbon\u00a0\u00bb da_is_singular=\u00a0\u00bboff\u00a0\u00bb da_with_loader=\u00a0\u00bboff\u00a0\u00bb da_has_shadow=\u00a0\u00bbon\u00a0\u00bb][et_pb_row column_structure=\u00a0\u00bb3_4,1_4&Prime; _builder_version=\u00a0\u00bb4.3.2&Prime; global_colors_info=\u00a0\u00bb{}\u00a0\u00bb][et_pb_column type=\u00a0\u00bb3_4&Prime; _builder_version=\u00a0\u00bb4.3.1&Prime; global_colors_info=\u00a0\u00bb{}\u00a0\u00bb][et_pb_text _builder_version=\u00a0\u00bb4.4.1&Prime; global_colors_info=\u00a0\u00bb{}\u00a0\u00bb]<\/p>\n<h1><strong>Klinikum Rechts der Isar der Technischen Universit\u00e4t M\u00fcnchen<br \/> <\/strong><\/h1>\n<h2><\/h2>\n<h2>Informations g\u00e9n\u00e9rales<\/h2>\n<p><em><\/em><\/p>\n<p>Avec son \u00e9quipe hautement qualifi\u00e9e de m\u00e9decins, d&rsquo;infirmi\u00e8res et de scientifiques d\u00e9vou\u00e9s, l&rsquo;h\u00f4pital universitaire rechts der Isar (situ\u00e9 \u00e0 droite de la rivi\u00e8re Isar) accueille des patients non seulement de Munich, mais aussi du monde entier.<\/p>\n<p>La Klinikum rechts der Isar est l&rsquo;h\u00f4pital universitaire de l&rsquo;Universit\u00e9 technique de Munich (TUM), et constitue le cadre id\u00e9al pour offrir les meilleurs standards possibles de soins m\u00e9dicaux universitaires. Nous sommes tr\u00e8s bien plac\u00e9s et \u00e9quip\u00e9s pour fournir des soins m\u00e9dicaux de premier ordre aux patients internationaux, conform\u00e9ment aux normes scientifiques les plus r\u00e9centes. La m\u00e9decine moderne et avanc\u00e9e pourrait difficilement trouver un meilleur foyer.<\/p>\n<p>Fond\u00e9 en 1834, l&rsquo;h\u00f4pital universitaire rechts der Isar est aujourd&rsquo;hui synonyme de m\u00e9decine de pointe, de recherche &amp;amp ; de progr\u00e8s. Environ 6 000 personnes travaillent \u00e0 l&rsquo;h\u00f4pital, que ce soit dans le domaine des soins m\u00e9dicaux, de la recherche ou de l&rsquo;enseignement. Chaque ann\u00e9e, plus de 60 000 patients b\u00e9n\u00e9ficient de soins hospitaliers, en plus des quelque 250 000 patients qui re\u00e7oivent un traitement ambulatoire. Avec environ 30 d\u00e9partements, 20 centres interdisciplinaires et 1 161 lits, l&rsquo;h\u00f4pital offre toute la gamme des traitements m\u00e9dicaux modernes. En outre, de nombreux instituts scientifiques m\u00e8nent des recherches sur les maladies et les nouvelles options th\u00e9rapeutiques.<\/p>\n<p>Au sein de TherVacB, trois instituts\/d\u00e9partements de l&rsquo;h\u00f4pital universitaire Rechts der Isar sont impliqu\u00e9s dans la mise en \u0153uvre du projet :<\/p>\n<p>&nbsp;<\/p>\n<ul>\n<li><strong>Institut de <\/strong><strong>Immunologie mol\u00e9culaire et d&rsquo;oncologie exp\u00e9rimentale<\/strong><\/li>\n<li><strong>D\u00e9partement de m\u00e9decine interne II (H\u00e9patologie\/Gastroent\u00e9rologie)<\/strong><\/li>\n<li><strong>Institut d&rsquo;histoire et d&rsquo;\u00e9thique de la m\u00e9decine (IHEM)<\/strong><\/li>\n<\/ul>\n<p>[\/et_pb_text][\/et_pb_column][et_pb_column type=\u00a0\u00bb1_4&Prime; _builder_version=\u00a0\u00bb4.3.2&Prime; background_enable_color=\u00a0\u00bboff\u00a0\u00bb use_background_color_gradient=\u00a0\u00bbon\u00a0\u00bb background_color_gradient_start=\u00a0\u00bbrgba(0,0,0,0)\u00a0\u00bb background_color_gradient_end=\u00a0\u00bbrgba(92,189,217,0.25)\u00a0\u00bb background_enable_image=\u00a0\u00bboff\u00a0\u00bb background_size=\u00a0\u00bbinitial\u00a0\u00bb background_position=\u00a0\u00bbtop_left\u00a0\u00bb custom_padding=\u00a0\u00bb10px|10px|10px|10px|false|false\u00a0\u00bb border_radii=\u00a0\u00bbon|10px|10px|10px|10px\u00a0\u00bb border_width_all=\u00a0\u00bb2px\u00a0\u00bb border_color_all=\u00a0\u00bb#5cbdd9&Prime; global_colors_info=\u00a0\u00bb{}\u00a0\u00bb][et_pb_image src=\u00a0\u00bbhttps:\/\/www.thervacb.eu\/wp-content\/uploads\/logo-mri-tum.png\u00a0\u00bb alt=\u00a0\u00bbTUM\u00a0\u00bb title_text=\u00a0\u00bbTUM\u00a0\u00bb _builder_version=\u00a0\u00bb4.3.4&Prime; global_colors_info=\u00a0\u00bb{}\u00a0\u00bb][\/et_pb_image][et_pb_text _builder_version=\u00a0\u00bb4.3.4&Prime; max_width=\u00a0\u00bb100%\u00a0\u00bb module_alignment=\u00a0\u00bbleft\u00a0\u00bb global_colors_info=\u00a0\u00bb{}\u00a0\u00bb]<\/p>\n<p><strong>Klinikum Rechts der Isar Technische Universit\u00e4t M\u00fcnchen<\/strong><strong><\/strong><\/p>\n<p>Ismaningerstra\u00dfe 22<br \/>  81675 Munich<br \/> Germany<\/p>\n<p><a href=\"https:\/\/www.mri.tum.de\/\" target=\"_blank\" rel=\"noopener noreferrer\" title=\"Klinikum Rechts der Isar\">www.mri.tum.de<\/a><\/p>\n<p>[\/et_pb_text][\/et_pb_column][\/et_pb_row][et_pb_row _builder_version=\u00a0\u00bb4.4.1&Prime; global_colors_info=\u00a0\u00bb{}\u00a0\u00bb][et_pb_column type=\u00a0\u00bb4_4&Prime; _builder_version=\u00a0\u00bb4.4.1&Prime; global_colors_info=\u00a0\u00bb{}\u00a0\u00bb][et_pb_text _builder_version=\u00a0\u00bb4.4.1&Prime; global_colors_info=\u00a0\u00bb{}\u00a0\u00bb]<\/p>\n<h1><strong>Institut de <\/strong><strong>Immunologie mol\u00e9culaire et d&rsquo;oncologie exp\u00e9rimentale<\/strong><\/h1>\n<p>L&rsquo;Institut d&rsquo;immunologie mol\u00e9culaire et d&rsquo;oncologie exp\u00e9rimentale a pour objectif principal de comprendre la r\u00e9gulation des r\u00e9ponses immunitaires au sein des tissus, avec une attention particuli\u00e8re pour le foie. Ses groupes travaillent sur des mod\u00e8les pr\u00e9cliniques d&rsquo;infection chronique par le VHB, ainsi que sur le cancer et les m\u00e9tastases du cancer. Pouss\u00e9 par la qu\u00eate de d\u00e9veloppement de th\u00e9rapies immunitaires innovantes pour l&rsquo;infection chronique par le VHB et le cancer du foie, l&rsquo;institut d\u00e9couvre les m\u00e9canismes mol\u00e9culaires et cellulaires qui d\u00e9terminent l&rsquo;affaiblissement de l&rsquo;immunit\u00e9 des cellules T et NK dans le foie.<\/p>\n<p>[\/et_pb_text][\/et_pb_column][\/et_pb_row][et_pb_row _builder_version=\u00a0\u00bb4.3.1&Prime; global_colors_info=\u00a0\u00bb{}\u00a0\u00bb][et_pb_column type=\u00a0\u00bb4_4&Prime; _builder_version=\u00a0\u00bb4.3.1&Prime; global_colors_info=\u00a0\u00bb{}\u00a0\u00bb][et_pb_text _builder_version=\u00a0\u00bb4.4.1&Prime; global_colors_info=\u00a0\u00bb{}\u00a0\u00bb]<\/p>\n<h2>R\u00f4le dans le TherVacB<\/h2>\n<p>L&rsquo;Institut d&rsquo;immunologie mol\u00e9culaire fournit l&rsquo;expertise n\u00e9cessaire pour caract\u00e9riser l&rsquo;immunit\u00e9 sp\u00e9cifique au VHB et \u00e9valuer la qualit\u00e9 ainsi que la quantit\u00e9 de l&rsquo;immunit\u00e9 des cellules T CD8 sp\u00e9cifiques au VHB. En collaboration avec l&rsquo;Institut de virologie, nous d\u00e9terminerons la fonctionnalit\u00e9 des cellules CD8T sp\u00e9cifiques au VHB afin de permettre la stratification des patients et le suivi de la r\u00e9ponse \u00e0 la vaccination.<\/p>\n<p>[\/et_pb_text][\/et_pb_column][\/et_pb_row][et_pb_row _builder_version=\u00a0\u00bb4.3.1&Prime; custom_padding=\u00a0\u00bb||0px|||\u00a0\u00bb global_colors_info=\u00a0\u00bb{}\u00a0\u00bb][et_pb_column type=\u00a0\u00bb4_4&Prime; _builder_version=\u00a0\u00bb4.3.1&Prime; global_colors_info=\u00a0\u00bb{}\u00a0\u00bb][et_pb_text _builder_version=\u00a0\u00bb4.3.1&Prime; global_colors_info=\u00a0\u00bb{}\u00a0\u00bb]<\/p>\n<h2>Personnel du projet<\/h2>\n<p>&nbsp;<\/p>\n<p>[\/et_pb_text][\/et_pb_column][\/et_pb_row][et_pb_row column_structure=\u00a0\u00bb1_2,1_2&Prime; make_equal=\u00a0\u00bbon\u00a0\u00bb _builder_version=\u00a0\u00bb4.3.2&Prime; custom_padding=\u00a0\u00bb0px|||||\u00a0\u00bb global_colors_info=\u00a0\u00bb{}\u00a0\u00bb][et_pb_column type=\u00a0\u00bb1_2&Prime; _builder_version=\u00a0\u00bb4.3.1&Prime; global_colors_info=\u00a0\u00bb{}\u00a0\u00bb][et_pb_team_member name=\u00a0\u00bbPercy Knolle\u00a0\u00bb position=\u00a0\u00bbChaire d&#039;immunologie mol\u00e9culaire, Institut d&#039;immunologie mol\u00e9culaire et d&#039;oncologie exp\u00e9rimentale\u00a0\u00bb image_url=\u00a0\u00bbhttps:\/\/www.thervacb.eu\/wp-content\/uploads\/TUM-Med-Knolle-Percy.jpg\u00a0\u00bb _builder_version=\u00a0\u00bb4.4.3&Prime; header_text_align=\u00a0\u00bbcenter\u00a0\u00bb position_text_align=\u00a0\u00bbcenter\u00a0\u00bb position_line_height=\u00a0\u00bb2em\u00a0\u00bb text_orientation=\u00a0\u00bbleft\u00a0\u00bb custom_padding=\u00a0\u00bb40px|20px|20px|20px|false|false\u00a0\u00bb border_radii=\u00a0\u00bbon|10px|10px|10px|10px\u00a0\u00bb box_shadow_style=\u00a0\u00bbpreset1&Prime; global_colors_info=\u00a0\u00bb{}\u00a0\u00bb transform_styles__hover_enabled=\u00a0\u00bbon|hover\u00a0\u00bb transform_scale__hover_enabled=\u00a0\u00bbon|hover\u00a0\u00bb transform_translate__hover_enabled=\u00a0\u00bbon|desktop\u00a0\u00bb transform_rotate__hover_enabled=\u00a0\u00bbon|desktop\u00a0\u00bb transform_skew__hover_enabled=\u00a0\u00bbon|desktop\u00a0\u00bb transform_origin__hover_enabled=\u00a0\u00bbon|desktop\u00a0\u00bb transform_scale__hover=\u00a0\u00bb105%|105%\u00a0\u00bb custom_css_member_image_last_edited=\u00a0\u00bbon|desktop\u00a0\u00bb]<\/p>\n<p style=\"text-align: center;\">Surveillance immunitaire, immunologie du foie, tol\u00e9rance immunitaire<\/p>\n<p>[\/et_pb_team_member][\/et_pb_column][et_pb_column type=\u00a0\u00bb1_2&Prime; _builder_version=\u00a0\u00bb4.3.1&Prime; global_colors_info=\u00a0\u00bb{}\u00a0\u00bb][et_pb_team_member name=\u00a0\u00bbDirk Wohlleber\u00a0\u00bb position=\u00a0\u00bbChef du groupe de recherche\u00a0\u00bb image_url=\u00a0\u00bbhttps:\/\/www.thervacb.eu\/wp-content\/uploads\/person-blue.png\u00a0\u00bb _builder_version=\u00a0\u00bb4.4.1&Prime; header_text_align=\u00a0\u00bbcenter\u00a0\u00bb position_text_align=\u00a0\u00bbcenter\u00a0\u00bb position_line_height=\u00a0\u00bb2em\u00a0\u00bb text_orientation=\u00a0\u00bbleft\u00a0\u00bb custom_padding=\u00a0\u00bb40px|20px|20px|20px|false|false\u00a0\u00bb border_radii=\u00a0\u00bbon|10px|10px|10px|10px\u00a0\u00bb box_shadow_style=\u00a0\u00bbpreset1&Prime; global_colors_info=\u00a0\u00bb{}\u00a0\u00bb transform_styles__hover_enabled=\u00a0\u00bbon|hover\u00a0\u00bb transform_scale__hover_enabled=\u00a0\u00bbon|hover\u00a0\u00bb transform_translate__hover_enabled=\u00a0\u00bbon|desktop\u00a0\u00bb transform_rotate__hover_enabled=\u00a0\u00bbon|desktop\u00a0\u00bb transform_skew__hover_enabled=\u00a0\u00bbon|desktop\u00a0\u00bb transform_origin__hover_enabled=\u00a0\u00bbon|desktop\u00a0\u00bb transform_scale__hover=\u00a0\u00bb105%|105%\u00a0\u00bb custom_css_member_image_last_edited=\u00a0\u00bbon|desktop\u00a0\u00bb]<\/p>\n<p style=\"text-align: center;\">Expert en immunit\u00e9 \u00e0 l&rsquo;infection par le VHB<\/p>\n<p>[\/et_pb_team_member][\/et_pb_column][\/et_pb_row][et_pb_row _builder_version=\u00a0\u00bb4.4.1&Prime; global_colors_info=\u00a0\u00bb{}\u00a0\u00bb][et_pb_column type=\u00a0\u00bb4_4&Prime; _builder_version=\u00a0\u00bb4.4.1&Prime; global_colors_info=\u00a0\u00bb{}\u00a0\u00bb][et_pb_text _builder_version=\u00a0\u00bb4.4.1&Prime; global_colors_info=\u00a0\u00bb{}\u00a0\u00bb]<\/p>\n<h1><strong>D\u00e9partement de m\u00e9decine interne II (H\u00e9patologie\/Gastroent\u00e9rologie)<\/strong><\/h1>\n<p>Le d\u00e9partement offre des options de traitement compl\u00e8tes pour tout le spectre des maladies du foie et du tractus gastro-intestinal. Son \u00e9quipe comprend plus de 60 m\u00e9decins et plus de 190 infirmiers, personnel de soutien et scientifiques. Ses m\u00e9decins ont une formation m\u00e9dicale avanc\u00e9e, une vaste exp\u00e9rience clinique et de recherche, et une expertise technologique. Outre la m\u00e9decine interne g\u00e9n\u00e9rale, le d\u00e9partement se concentre sur l&rsquo;oncologie du tractus gastro-intestinal, l&rsquo;h\u00e9patologie, l&rsquo;endocrinologie, la diab\u00e9tologie, l&rsquo;infectiologie et la m\u00e9decine interne des soins intensifs. Sa clinique ambulatoire d&rsquo;h\u00e9patologie re\u00e7oit plus de 3000 patients par an et offre un diagnostic et un traitement sp\u00e9cialis\u00e9s pour une grande vari\u00e9t\u00e9 de maladies du foie, y compris l&rsquo;infection par le virus de l&rsquo;h\u00e9patite B. Le d\u00e9partement participe \u00e0 de nombreuses \u00e9tudes cliniques, notamment \u00e0 des essais cliniques de phase Ib\/IIa &gt;10. La recherche fondamentale se concentre sur la pathogen\u00e8se mol\u00e9culaire des maladies du foie, du pancr\u00e9as et du tractus gastro-intestinal.<\/p>\n<p>[\/et_pb_text][\/et_pb_column][\/et_pb_row][et_pb_row _builder_version=\u00a0\u00bb4.4.1&Prime; global_colors_info=\u00a0\u00bb{}\u00a0\u00bb][et_pb_column type=\u00a0\u00bb4_4&Prime; _builder_version=\u00a0\u00bb4.4.1&Prime; global_colors_info=\u00a0\u00bb{}\u00a0\u00bb][et_pb_text _builder_version=\u00a0\u00bb4.4.1&Prime; global_colors_info=\u00a0\u00bb{}\u00a0\u00bb]<\/p>\n<h2>R\u00f4le dans le TherVacB<\/h2>\n<p>Au sein du consortium TheVacB, nous aidons \u00e0 mettre en place le registre des patients infect\u00e9s de mani\u00e8re chronique par le virus de l&rsquo;h\u00e9patite B. Dans ce registre, nous inscrivons les patients de nos cliniques externes pour l&rsquo;h\u00e9patologie et les maladies infectieuses. Les patients chroniquement infect\u00e9s par le VHB et d\u00e9sireux de participer \u00e0 cette \u00e9tude sont s\u00e9lectionn\u00e9s pour participer\/inclure l&rsquo;essai clinique testant le nouveau vaccin th\u00e9rapeutique contre l&rsquo;h\u00e9patite B chronique. L&rsquo;essai clinique sera men\u00e9 dans notre d\u00e9partement, qui est l&rsquo;un des sites cliniques en Europe.<\/p>\n<p>[\/et_pb_text][\/et_pb_column][\/et_pb_row][et_pb_row column_structure=\u00a0\u00bb1_3,1_3,1_3&Prime; _builder_version=\u00a0\u00bb4.4.1&Prime; custom_padding=\u00a0\u00bb||0px|||\u00a0\u00bb global_colors_info=\u00a0\u00bb{}\u00a0\u00bb][et_pb_column type=\u00a0\u00bb1_3&Prime; _builder_version=\u00a0\u00bb4.4.1&Prime; global_colors_info=\u00a0\u00bb{}\u00a0\u00bb][et_pb_team_member name=\u00a0\u00bbMarc Ringelhan\u00a0\u00bb position=\u00a0\u00bbMD, enqu\u00eateur Essai clinique \u00a0\u00bb image_url=\u00a0\u00bbhttps:\/\/www.thervacb.eu\/wp-content\/uploads\/tum-med_marc-ringelhan.jpg\u00a0\u00bb _builder_version=\u00a0\u00bb4.4.6&Prime; header_text_align=\u00a0\u00bbcenter\u00a0\u00bb position_text_align=\u00a0\u00bbcenter\u00a0\u00bb position_line_height=\u00a0\u00bb2em\u00a0\u00bb text_orientation=\u00a0\u00bbleft\u00a0\u00bb custom_padding=\u00a0\u00bb40px|20px|20px|20px|false|false\u00a0\u00bb custom_css_member_image=\u00a0\u00bb-webkit-clip-path: circle(45% at 50% 68%);||clip-path: circle(43% at 50% 68%);||margin-top:-20px;||height:160px;||margin-left: auto;||margin-right: auto;||\u00a0\u00bb custom_css_member_description=\u00a0\u00bbmargin-top:80px\u00a0\u00bb border_radii=\u00a0\u00bbon|10px|10px|10px|10px\u00a0\u00bb box_shadow_style=\u00a0\u00bbpreset1&Prime; global_colors_info=\u00a0\u00bb{}\u00a0\u00bb]<\/p>\n<p style=\"text-align: center;\">M\u00e9decin, clinique ambulatoire d&rsquo;h\u00e9patologie, sp\u00e9cialiste de l&rsquo;infection par le virus de l&rsquo;h\u00e9patite B, sp\u00e9cialiste en h\u00e9patologie, chercheur principal dans les essais cliniques.<\/p>\n<p>[\/et_pb_team_member][\/et_pb_column][et_pb_column type=\u00a0\u00bb1_3&Prime; _builder_version=\u00a0\u00bb4.4.1&Prime; global_colors_info=\u00a0\u00bb{}\u00a0\u00bb][et_pb_team_member name=\u00a0\u00bbChristoph D. Spinner\u00a0\u00bb position=\u00a0\u00bbMD, enqu\u00eateur Essai clinique \u00a0\u00bb image_url=\u00a0\u00bbhttps:\/\/www.thervacb.eu\/wp-content\/uploads\/TUM-Med_Christoph-Spinner.jpg\u00a0\u00bb _builder_version=\u00a0\u00bb4.4.4&Prime; header_text_align=\u00a0\u00bbcenter\u00a0\u00bb position_text_align=\u00a0\u00bbcenter\u00a0\u00bb position_line_height=\u00a0\u00bb2em\u00a0\u00bb text_orientation=\u00a0\u00bbleft\u00a0\u00bb custom_padding=\u00a0\u00bb40px|20px|20px|20px|false|false\u00a0\u00bb custom_css_member_image=\u00a0\u00bb-webkit-clip-path: circle(45% at 50% 68%);||clip-path: circle(43% at 50% 68%);||margin-top:-20px;||height:160px;||margin-left: auto;||margin-right: auto;||\u00a0\u00bb custom_css_member_description=\u00a0\u00bbmargin-top:80px\u00a0\u00bb border_radii=\u00a0\u00bbon|10px|10px|10px|10px\u00a0\u00bb box_shadow_style=\u00a0\u00bbpreset1&Prime; global_colors_info=\u00a0\u00bb{}\u00a0\u00bb]<\/p>\n<p style=\"text-align: center;\">M\u00e9decin principal, clinique ambulatoire pour les maladies infectieuses, chercheur principal et sp\u00e9cialiste des essais cliniques.<\/p>\n<p>[\/et_pb_team_member][\/et_pb_column][et_pb_column type=\u00a0\u00bb1_3&Prime; _builder_version=\u00a0\u00bb4.4.1&Prime; global_colors_info=\u00a0\u00bb{}\u00a0\u00bb][et_pb_team_member name=\u00a0\u00bbJennifer Lieb\u00a0\u00bb position=\u00a0\u00bbAssistant m\u00e9dical principal\u00a0\u00bb image_url=\u00a0\u00bbhttps:\/\/www.thervacb.eu\/wp-content\/uploads\/person-blue.png\u00a0\u00bb _builder_version=\u00a0\u00bb4.4.1&Prime; header_text_align=\u00a0\u00bbcenter\u00a0\u00bb position_text_align=\u00a0\u00bbcenter\u00a0\u00bb position_line_height=\u00a0\u00bb2em\u00a0\u00bb text_orientation=\u00a0\u00bbleft\u00a0\u00bb custom_padding=\u00a0\u00bb40px|20px|20px|20px|false|false\u00a0\u00bb custom_css_member_image=\u00a0\u00bb-webkit-clip-path: circle(45% at 50% 68%);||clip-path: circle(43% at 50% 68%);||margin-top:-20px;||height:160px;||margin-left: auto;||margin-right: auto;||\u00a0\u00bb custom_css_member_description=\u00a0\u00bbmargin-top:80px\u00a0\u00bb border_radii=\u00a0\u00bbon|10px|10px|10px|10px\u00a0\u00bb box_shadow_style=\u00a0\u00bbpreset1&Prime; global_colors_info=\u00a0\u00bb{}\u00a0\u00bb]<\/p>\n<p style=\"text-align: center;\">Infirmi\u00e8re d&rsquo;\u00e9tude<\/p>\n<p>[\/et_pb_team_member][\/et_pb_column][\/et_pb_row][et_pb_row _builder_version=\u00a0\u00bb4.4.1&Prime; global_colors_info=\u00a0\u00bb{}\u00a0\u00bb][et_pb_column type=\u00a0\u00bb4_4&Prime; _builder_version=\u00a0\u00bb4.4.1&Prime; global_colors_info=\u00a0\u00bb{}\u00a0\u00bb][et_pb_text _builder_version=\u00a0\u00bb4.4.1&Prime; global_colors_info=\u00a0\u00bb{}\u00a0\u00bb]<\/p>\n<h1><strong>Institut d&rsquo;histoire et d&rsquo;\u00e9thique de la m\u00e9decine (IHEM)<\/strong><\/h1>\n<p>L&rsquo;Institut d&rsquo;histoire et d&rsquo;\u00e9thique de la m\u00e9decine (IHEM) de la TUM est une institution de recherche interdisciplinaire \u00e0 l&rsquo;interface entre la m\u00e9decine, la technologie et les sciences sociales, dirig\u00e9e par le professeur A. Buyx.<\/p>\n<p>L&rsquo;institut travaille sur les dimensions \u00e9thiques, historiques et culturelles de la m\u00e9decine. Nous nous concentrons sur les questions de d\u00e9veloppement responsable et d&rsquo;int\u00e9gration \u00e9thique des nouvelles technologies biom\u00e9dicales dans la recherche et la pratique clinique, telles que les biomarqueurs, les applications dans l&rsquo;IA\/robotique incorpor\u00e9e ou la neurostimulation chez les enfants. Les nouveaux concepts de solidarit\u00e9 en m\u00e9decine ainsi que les questions de neuro\u00e9thique, d&rsquo;\u00e9thique de la recherche et d&rsquo;\u00e9thique de la sant\u00e9 publique constituent d&rsquo;autres points forts.<\/p>\n<p>Les chercheurs de l&rsquo;IHEM ont une grande expertise dans l&rsquo;analyse \u00e9thique th\u00e9orique ainsi que dans les \u00e9tudes empiriques \u00e0 m\u00e9thodes mixtes et l&rsquo;\u00e9laboration de politiques. Ils suivent une approche interdisciplinaire et \u00e9thique et collaborent r\u00e9guli\u00e8rement avec des coll\u00e8gues cliniciens ainsi qu&rsquo;avec des coll\u00e8gues de nombreuses autres disciplines. <strong><br \/><\/strong><\/p>\n<p>[\/et_pb_text][\/et_pb_column][\/et_pb_row][et_pb_row _builder_version=\u00a0\u00bb4.4.1&Prime; global_colors_info=\u00a0\u00bb{}\u00a0\u00bb][et_pb_column type=\u00a0\u00bb4_4&Prime; _builder_version=\u00a0\u00bb4.4.1&Prime; global_colors_info=\u00a0\u00bb{}\u00a0\u00bb][et_pb_text _builder_version=\u00a0\u00bb4.4.1&Prime; global_colors_info=\u00a0\u00bb{}\u00a0\u00bb]<\/p>\n<h2>R\u00f4le dans le TherVacB<\/h2>\n<p>L&rsquo;\u00e9quipe de recherche de l&rsquo;IHEM fournit les \u00e9tudes \u00e9thiques pour le projet TherVacB, en se concentrant sur le d\u00e9veloppement d&rsquo;une strat\u00e9gie de recrutement dans les m\u00e9dias sociaux r\u00e9pondant aux d\u00e9fis \u00e9thiques et r\u00e9glementaires. \u00c0 cette fin, une \u00e9tude \u00e0 m\u00e9thodes mixtes sera men\u00e9e sur les implications \u00e9thiques, sociales et r\u00e9glementaires du vaccin.<\/p>\n<p>[\/et_pb_text][\/et_pb_column][\/et_pb_row][et_pb_row column_structure=\u00a0\u00bb1_3,1_3,1_3&Prime; _builder_version=\u00a0\u00bb4.11.3&Prime; global_colors_info=\u00a0\u00bb{}\u00a0\u00bb][et_pb_column type=\u00a0\u00bb1_3&Prime; _builder_version=\u00a0\u00bb4.4.1&Prime; global_colors_info=\u00a0\u00bb{}\u00a0\u00bb][et_pb_team_member name=\u00a0\u00bbAlena Buyx\u00a0\u00bb position=\u00a0\u00bbDirecteur de l&#039;IGEM, professeur d&#039;\u00e9thique en m\u00e9decine et en technologies de la sant\u00e9\u00a0\u00bb image_url=\u00a0\u00bbhttps:\/\/www.thervacb.eu\/wp-content\/uploads\/tum_alena-buyx_copyright-andreas-heddergott-tum.jpg\u00a0\u00bb _builder_version=\u00a0\u00bb4.4.1&Prime; header_text_align=\u00a0\u00bbcenter\u00a0\u00bb position_text_align=\u00a0\u00bbcenter\u00a0\u00bb position_line_height=\u00a0\u00bb2em\u00a0\u00bb text_orientation=\u00a0\u00bbleft\u00a0\u00bb custom_padding=\u00a0\u00bb40px|20px|20px|20px|false|false\u00a0\u00bb custom_css_member_image=\u00a0\u00bb-webkit-clip-path: circle(45% at 50% 68%);||clip-path: circle(43% at 50% 68%);||margin-top:-20px;||height:160px;||margin-left: auto;||margin-right: auto;||\u00a0\u00bb custom_css_member_description=\u00a0\u00bbmargin-top:80px\u00a0\u00bb border_radii=\u00a0\u00bbon|10px|10px|10px|10px\u00a0\u00bb box_shadow_style=\u00a0\u00bbpreset1&Prime; global_colors_info=\u00a0\u00bb{}\u00a0\u00bb]<\/p>\n<p style=\"text-align: center;\">Expert en \u00e9thique m\u00e9dicale et de sant\u00e9 publique : \u00e9thique de l&rsquo;innovation m\u00e9dicale et des technologies de la sant\u00e9, \u00e9thique de la recherche, questions de solidarit\u00e9 et de justice en mati\u00e8re de sant\u00e9 publique et de prestation de soins de sant\u00e9, nouvelles approches participatives en biom\u00e9decine.<\/p>\n<p>[\/et_pb_team_member][\/et_pb_column][et_pb_column type=\u00a0\u00bb1_3&Prime; _builder_version=\u00a0\u00bb4.4.1&Prime; global_colors_info=\u00a0\u00bb{}\u00a0\u00bb][et_pb_team_member name=\u00a0\u00bbTheresa Willem\u00a0\u00bb position=\u00a0\u00bbAssoci\u00e9 de recherche\u00a0\u00bb image_url=\u00a0\u00bbhttps:\/\/www.thervacb.eu\/wp-content\/uploads\/tum-theresa-willem.jpg\u00a0\u00bb _builder_version=\u00a0\u00bb4.4.3&Prime; header_text_align=\u00a0\u00bbcenter\u00a0\u00bb position_text_align=\u00a0\u00bbcenter\u00a0\u00bb position_line_height=\u00a0\u00bb2em\u00a0\u00bb text_orientation=\u00a0\u00bbleft\u00a0\u00bb custom_padding=\u00a0\u00bb40px|20px|20px|20px|false|false\u00a0\u00bb custom_css_member_image=\u00a0\u00bb-webkit-clip-path: circle(45% at 50% 68%);||clip-path: circle(43% at 50% 68%);||margin-top:-20px;||height:160px;||margin-left: auto;||margin-right: auto;||\u00a0\u00bb custom_css_member_description=\u00a0\u00bbmargin-top:80px\u00a0\u00bb border_radii=\u00a0\u00bbon|10px|10px|10px|10px\u00a0\u00bb box_shadow_style=\u00a0\u00bbpreset1&Prime; global_colors_info=\u00a0\u00bb{}\u00a0\u00bb]<\/p>\n<p style=\"text-align: center;\">Sp\u00e9cialis\u00e9 dans l&rsquo;\u00e9thique biom\u00e9dicale, l&rsquo;\u00e9thique des m\u00e9dias sociaux et de l&rsquo;IA, la sant\u00e9 num\u00e9rique.<\/p>\n<p>[\/et_pb_team_member][\/et_pb_column][et_pb_column type=\u00a0\u00bb1_3&Prime; _builder_version=\u00a0\u00bb4.4.1&Prime; global_colors_info=\u00a0\u00bb{}\u00a0\u00bb][et_pb_team_member name=\u00a0\u00bbBettina M. Zimmermann\u00a0\u00bb position=\u00a0\u00bbAssoci\u00e9 de recherche\u00a0\u00bb image_url=\u00a0\u00bbhttps:\/\/www.thervacb.eu\/wp-content\/uploads\/zimmermann-bettina-ihem.jpg\u00a0\u00bb _builder_version=\u00a0\u00bb4.11.3&Prime; header_text_align=\u00a0\u00bbcenter\u00a0\u00bb position_text_align=\u00a0\u00bbcenter\u00a0\u00bb position_line_height=\u00a0\u00bb2em\u00a0\u00bb text_orientation=\u00a0\u00bbleft\u00a0\u00bb custom_padding=\u00a0\u00bb40px|20px|20px|20px|false|false\u00a0\u00bb custom_css_member_image=\u00a0\u00bb-webkit-clip-path: circle(45% at 50% 68%);||clip-path: circle(43% at 50% 68%);||margin-top:-20px;||height:160px;||margin-left: auto;||margin-right: auto;||\u00a0\u00bb custom_css_member_description=\u00a0\u00bbmargin-top:80px\u00a0\u00bb border_radii=\u00a0\u00bbon|10px|10px|10px|10px\u00a0\u00bb box_shadow_style=\u00a0\u00bbpreset1&Prime; global_colors_info=\u00a0\u00bb{}\u00a0\u00bb]<\/p>\n<p style=\"text-align: center;\">Sp\u00e9cialis\u00e9 dans la bio\u00e9thique empirique, l&rsquo;\u00e9thique biom\u00e9dicale et l&rsquo;\u00e9thique de la sant\u00e9 publique.<\/p>\n<p>[\/et_pb_team_member][\/et_pb_column][\/et_pb_row][\/et_pb_section]<\/p>\n","protected":false},"excerpt":{"rendered":"<p>Klinikum Rechts der Isar der Technischen Universit\u00e4t M\u00fcnchen Informations g\u00e9n\u00e9rales Avec son \u00e9quipe hautement qualifi\u00e9e de m\u00e9decins, d&rsquo;infirmi\u00e8res et de scientifiques d\u00e9vou\u00e9s, l&rsquo;h\u00f4pital universitaire rechts der Isar (situ\u00e9 \u00e0 droite de la rivi\u00e8re Isar) accueille des patients non seulement de Munich, mais aussi du monde entier. La Klinikum rechts der Isar est l&rsquo;h\u00f4pital universitaire de [&hellip;]<\/p>\n","protected":false},"author":4,"featured_media":0,"parent":3105,"menu_order":14,"comment_status":"closed","ping_status":"closed","template":"","meta":{"_et_pb_use_builder":"on","_et_pb_old_content":"","_et_gb_content_width":"","_monsterinsights_skip_tracking":false,"_monsterinsights_sitenote_active":false,"_monsterinsights_sitenote_note":"","_monsterinsights_sitenote_category":0,"footnotes":"","_links_to":"","_links_to_target":""},"class_list":["post-3248","page","type-page","status-publish","hentry"],"aioseo_notices":[],"_links":{"self":[{"href":"https:\/\/www.thervacb.eu\/fr\/wp-json\/wp\/v2\/pages\/3248","targetHints":{"allow":["GET"]}}],"collection":[{"href":"https:\/\/www.thervacb.eu\/fr\/wp-json\/wp\/v2\/pages"}],"about":[{"href":"https:\/\/www.thervacb.eu\/fr\/wp-json\/wp\/v2\/types\/page"}],"author":[{"embeddable":true,"href":"https:\/\/www.thervacb.eu\/fr\/wp-json\/wp\/v2\/users\/4"}],"replies":[{"embeddable":true,"href":"https:\/\/www.thervacb.eu\/fr\/wp-json\/wp\/v2\/comments?post=3248"}],"version-history":[{"count":3,"href":"https:\/\/www.thervacb.eu\/fr\/wp-json\/wp\/v2\/pages\/3248\/revisions"}],"predecessor-version":[{"id":12671,"href":"https:\/\/www.thervacb.eu\/fr\/wp-json\/wp\/v2\/pages\/3248\/revisions\/12671"}],"up":[{"embeddable":true,"href":"https:\/\/www.thervacb.eu\/fr\/wp-json\/wp\/v2\/pages\/3105"}],"wp:attachment":[{"href":"https:\/\/www.thervacb.eu\/fr\/wp-json\/wp\/v2\/media?parent=3248"}],"curies":[{"name":"wp","href":"https:\/\/api.w.org\/{rel}","templated":true}]}}